{"id":41896,"date":"2026-01-18T08:09:15","date_gmt":"2026-01-18T06:09:15","guid":{"rendered":"https:\/\/solmu.eu\/asukkaidenespoo\/?page_id=41896"},"modified":"2026-01-18T10:45:26","modified_gmt":"2026-01-18T08:45:26","slug":"ajankohtaista-espoosta","status":"publish","type":"page","link":"https:\/\/solmu.eu\/asukkaidenespoo\/ajankohtaista-espoosta\/","title":{"rendered":"Ajankohtaista Espoosta"},"content":{"rendered":"\n<h2 class=\"wp-block-heading\">Ajankohtaista Espoosta<\/h2>\n\n\n\n<div class=\"wp-block-group has-white-background-color has-background\"><div class=\"wp-block-group__inner-container is-layout-constrained wp-block-group-is-layout-constrained\">\n<div class=\"wp-block-uagb-container uagb-layout-flex uagb-block-551115bf default uagb-is-root-container\">\n<div class=\"wp-block-uagb-container uagb-block-02af743d\">\n<p class=\"wp-block-paragraph\"><strong>STT Info<\/strong><br><a href=\"#stt-espoo\">Espoon kaupunki<\/a><br><a href=\"#stt-luvn\">L\u00e4nsi-Uudenmaan hyvinvointialue<\/a><br><a href=\"#stt-hsy\">HSY<\/a><br><a href=\"#stt-hsl\">HSL<\/a><\/p>\n<\/div>\n\n\n\n<div class=\"wp-block-uagb-container uagb-block-68cbc395\">\n<p class=\"wp-block-paragraph\"><strong>Uutisia<\/strong><br><a href=\"#espoo\">Espoon kaupunki<\/a><br><a href=\"#luvn\">L\u00e4nsi-Uudenmaan hyvinvointialue<\/a><br><a href=\"#hsy\" data-type=\"internal\" data-id=\"#hsy\">HSY<\/a><\/p>\n<\/div>\n\n\n\n<div class=\"wp-block-uagb-container uagb-block-9eec3d9e\">\n<p class=\"wp-block-paragraph\"><strong>Vaikuttaminen<\/strong><br><a href=\"#toimielimet\">Toimielimet<\/a><br><a href=\"#palaute\">Espoon palautepalvelu<\/a><br><a href=\"#otakantaa\">Otakantaa.fi<\/a><br><a href=\"#kuntalaisaloite\">Kuntalaisaloite.fi<\/a><\/p>\n<\/div>\n<\/div>\n<\/div><\/div>\n\n\n\n<div class=\"wp-block-columns is-layout-flex wp-container-core-columns-is-layout-8f761849 wp-block-columns-is-layout-flex\">\n<div class=\"wp-block-column borderright is-layout-flow wp-block-column-is-layout-flow\" style=\"flex-basis:32%\"><div class=\"wp-block-ub-content-toggle wp-block-ub-content-toggle-block\" id=\"ub-content-toggle-block-4f1c9883-4617-41f8-9b9f-97827cffaf8e\" data-mobilecollapse=\"false\" data-desktopcollapse=\"false\" data-preventcollapse=\"false\" data-showonlyone=\"false\">\n<div id=\"stt-espoo\" class=\"wp-block-ub-content-toggle-accordion\" style=\"border-color: #f1f1f1; border-top-left-radius: 8px; border-top-right-radius: 8px; border-bottom-left-radius: 8px; border-bottom-right-radius: 8px; \">\n\t\t\t<div class=\"wp-block-ub-content-toggle-accordion-title-wrap\" style=\"background-color: #f1f1f1;\" aria-controls=\"ub-content-toggle-panel-0-4f1c9883-4617-41f8-9b9f-97827cffaf8e\" tabindex=\"0\">\n\t\t\t<h4 class=\"wp-block-ub-content-toggle-accordion-title ub-content-toggle-title-4f1c9883-4617-41f8-9b9f-97827cffaf8e\" style=\"color: #000000; \">Espoon kaupunki<\/h4>\n\t\t\t<div class=\"wp-block-ub-content-toggle-accordion-toggle-wrap right\" style=\"color: #000000;\"><span class=\"wp-block-ub-content-toggle-accordion-state-indicator wp-block-ub-chevron-down open\"><\/span><\/div>\n\t\t<\/div>\n\t\t\t<div role=\"region\" aria-expanded=\"true\" class=\"wp-block-ub-content-toggle-accordion-content-wrap\" id=\"ub-content-toggle-panel-0-4f1c9883-4617-41f8-9b9f-97827cffaf8e\">\n<ul class=\"has-dates has-excerpts wp-block-rss\"><li class=\"wp-block-rss__item\"><div class=\"wp-block-rss__item-title\"><a href=\"https:\/\/www.sttinfo.fi\/tiedote\/72288146\/tunturihaukan-silmin-valokuvanayttely-kuvaa-ilmastonmuutoksen-vaikutuksia-pohjoisessa?lang=fi\">Tunturihaukan silmin -valokuvan\u00e4yttely kuvaa ilmastonmuutoksen vaikutuksia pohjoisessa<\/a><\/div><time datetime=\"2026-09-03T12:00:00+03:00\" class=\"wp-block-rss__item-publish-date\">3.9.2026<\/time> <div class=\"wp-block-rss__item-excerpt\">Tunturihaukan silmin -valokuvan\u00e4yttely kuvaa haukan n\u00e4k\u00f6kulmasta, miten ilmastonmuutos vaikuttaa pohjoisen alueen luontoon, elinkeinoihin ja paikallisten ihmisten el\u00e4m\u00e4\u00e4n. N\u00e4yttely on esill\u00e4 Villa Elfvikin luontotalossa 9.9.-8.10.2026<\/div><\/li><li class=\"wp-block-rss__item\"><div class=\"wp-block-rss__item-title\"><a href=\"https:\/\/www.sttinfo.fi\/tiedote\/72279678\/paakaupunkiseudun-ekaluokkalaiset-saavat-omakseen-anneli-kannon-lastenkirjan-helmet-kirjaston-ja-kustantajien-kampanjassa?lang=fi\">P\u00e4\u00e4kaupunkiseudun ekaluokkalaiset saavat omakseen Anneli Kannon lastenkirjan Helmet-kirjaston ja kustantajien kampanjassa<\/a><\/div><time datetime=\"2026-09-01T08:00:00+03:00\" class=\"wp-block-rss__item-publish-date\">1.9.2026<\/time> <div class=\"wp-block-rss__item-excerpt\">Helmet-kirjastot antavat vuosittain yhteisty\u00f6ss\u00e4 kustantajien kanssa kaikille p\u00e4\u00e4kaupunkiseudun ekaluokkalaisille kirjalahjan. Samalla kaikki koulunsa aloittavat kutsutaan tutustumaan omaan l\u00e4hikirjastoon. Kampanja alkaa Helmet-kirjastoissa tiistaina 1.9.2026.<\/div><\/li><li class=\"wp-block-rss__item\"><div class=\"wp-block-rss__item-title\"><a href=\"https:\/\/www.sttinfo.fi\/tiedote\/72279791\/alla-forstaklassister-i-huvudstadsregionen-far-anneli-kantos-barnbok-i-helmet-bibliotekets-och-forlaggarnas-kampanj?lang=fi\">Alla f\u00f6rstaklassister i huvudstadsregionen f\u00e5r Anneli Kantos barnbok i Helmet-bibliotekets och f\u00f6rl\u00e4ggarnas kampanj<\/a><\/div><time datetime=\"2026-09-01T08:00:00+03:00\" class=\"wp-block-rss__item-publish-date\">1.9.2026<\/time> <div class=\"wp-block-rss__item-excerpt\">Helmet-biblioteken ger \u00e5rligen i samarbete med f\u00f6rl\u00e4ggarna en bokg\u00e5va till alla f\u00f6rstaklassister i huvudstadsregionen. Samtidigt bjuds alla som b\u00f6rjar skolan in att bekanta sig med det egna n\u00e4rbiblioteket. Kampanjen inleds i Helmet-biblioteken tisdagen den 1 september 2026.<\/div><\/li><li class=\"wp-block-rss__item\"><div class=\"wp-block-rss__item-title\"><a href=\"https:\/\/www.sttinfo.fi\/tiedote\/72280213\/kaupunginhallitus-tyopaikka-aluetta-otaniemeen-kehitetaan-yhteistyossa-senaatti-kiinteistojen-kanssa?lang=fi\">Kaupunginhallitus: Ty\u00f6paikka-aluetta Otaniemeen kehitet\u00e4\u00e4n yhteisty\u00f6ss\u00e4 Senaatti-kiinteist\u00f6jen kanssa<\/a><\/div><time datetime=\"2026-08-31T21:11:13+03:00\" class=\"wp-block-rss__item-publish-date\">31.8.2026<\/time> <div class=\"wp-block-rss__item-excerpt\">Kaupunginhallitus p\u00e4\u00e4tti, ett\u00e4 Senaatti-kiinteist\u00f6jen kanssa allekirjoitetaan yhteisty\u00f6sopimus koskien Otaniemess\u00e4 olevien alueiden yhteiskehitt\u00e4mist\u00e4. Sopimusalue sijaitsee Kuusisaarentien, Miestentien ja Otaniementien l\u00e4heisyydess\u00e4.<\/div><\/li><li class=\"wp-block-rss__item\"><div class=\"wp-block-rss__item-title\"><a href=\"https:\/\/www.sttinfo.fi\/tiedote\/72279306\/konserni-ja-tilajaosto-antoi-lausunnot-hsln-seka-hsyn-toiminta-ja-taloussuunnitelmista-2027-2029?lang=fi\">Konserni- ja tilajaosto antoi lausunnot HSL:n sek\u00e4 HSY:n toiminta- ja taloussuunnitelmista 2027\u20132029<\/a><\/div><time datetime=\"2026-08-31T15:55:10+03:00\" class=\"wp-block-rss__item-publish-date\">31.8.2026<\/time> <div class=\"wp-block-rss__item-excerpt\">Lausuntojen lis\u00e4ksi jaosto mm. hyv\u00e4ksyi Maijalan p\u00e4iv\u00e4kodin hankesuunnitelman sek\u00e4 p\u00e4\u00e4tti kokousajat vuosille 2027\u20132028.<\/div><\/li><\/ul>\n\n\n<p class=\"wp-block-paragraph\" style=\"font-size:14px\">Lue <strong><a href=\"https:\/\/www.sttinfo.fi\/uutishuone\/3385\/espoon-kaupunki---esbo-stad\" target=\"_blank\" rel=\"noreferrer noopener\">Lis\u00e4\u00e4 tiedotteita<\/a><\/strong><br>Lue <a href=\"https:\/\/www.sttinfo.fi\/uutishuone\/3385\/espoon-kaupunki---esbo-stad\/s\" target=\"_blank\" rel=\"noreferrer noopener\"><strong>Sosiaalinen media<\/strong><\/a><\/p>\n\n<\/div>\n\t\t<\/div>\n\n<div id=\"stt-luvn\" class=\"wp-block-ub-content-toggle-accordion\" style=\"border-color: #f1f1f1; border-top-left-radius: 8px; border-top-right-radius: 8px; border-bottom-left-radius: 8px; border-bottom-right-radius: 8px; \">\n\t\t\t<div class=\"wp-block-ub-content-toggle-accordion-title-wrap\" style=\"background-color: #f1f1f1;\" aria-controls=\"ub-content-toggle-panel-1-4f1c9883-4617-41f8-9b9f-97827cffaf8e\" tabindex=\"0\">\n\t\t\t<h4 class=\"wp-block-ub-content-toggle-accordion-title ub-content-toggle-title-4f1c9883-4617-41f8-9b9f-97827cffaf8e\" style=\"color: #000000; \">L\u00e4nsi-Uudenmaan hyvinvointialue<\/h4>\n\t\t\t<div class=\"wp-block-ub-content-toggle-accordion-toggle-wrap right\" style=\"color: #000000;\"><span class=\"wp-block-ub-content-toggle-accordion-state-indicator wp-block-ub-chevron-down open\"><\/span><\/div>\n\t\t<\/div>\n\t\t\t<div role=\"region\" aria-expanded=\"true\" class=\"wp-block-ub-content-toggle-accordion-content-wrap\" id=\"ub-content-toggle-panel-1-4f1c9883-4617-41f8-9b9f-97827cffaf8e\">\n<ul class=\"has-dates has-excerpts wp-block-rss\"><li class=\"wp-block-rss__item\"><div class=\"wp-block-rss__item-title\"><a href=\"https:\/\/www.sttinfo.fi\/tiedote\/72257632\/mustakari-ilovuori-blir-direktor-for-serviceomradet-for-gemensamma-social-och-halsovardstjanster?lang=fi\">Mustakari-Ilovuori blir direkt\u00f6r f\u00f6r serviceomr\u00e5det f\u00f6r gemensamma social- och h\u00e4lsov\u00e5rdstj\u00e4nster<\/a><\/div><time datetime=\"2026-08-24T18:11:38+03:00\" class=\"wp-block-rss__item-publish-date\">24.8.2026<\/time> <div class=\"wp-block-rss__item-excerpt\">V\u00e4lf\u00e4rdsomr\u00e5desstyrelsen valde enh\u00e4lligt Anu Mustakari-Ilovuori, specialistl\u00e4kare, eMBA till tj\u00e4nsten som direkt\u00f6r f\u00f6r serviceomr\u00e5det f\u00f6r gemensamma social- och h\u00e4lsov\u00e5rdstj\u00e4nster i V\u00e4stra Nylands v\u00e4lf\u00e4rdsomr\u00e5de. Mustakari-Ilovuori har varit tf serviceomr\u00e5desdirekt\u00f6r vid v\u00e4lf\u00e4rdsomr\u00e5det.<\/div><\/li><li class=\"wp-block-rss__item\"><div class=\"wp-block-rss__item-title\"><a href=\"https:\/\/www.sttinfo.fi\/tiedote\/72257609\/yhteisten-sosiaali-ja-terveyspalvelujen-palvelualueen-johtajaksi-mustakari-ilovuori?lang=fi\">Yhteisten sosiaali- ja terveyspalvelujen palvelualueen johtajaksi Mustakari-Ilovuori<\/a><\/div><time datetime=\"2026-08-24T17:57:20+03:00\" class=\"wp-block-rss__item-publish-date\">24.8.2026<\/time> <div class=\"wp-block-rss__item-excerpt\">Aluehallitus valitsi yksimielisesti L\u00e4nsi-Uudenmaan hyvinvointialueen yhteisten sosiaali- ja terveyspalvelujen palvelualueen johtajan virkaan Anu Mustakari-Ilovuoren, erikoisl\u00e4\u00e4k\u00e4ri, eMBA. Mustakari-Ilovuori on toiminut hyvinvointialueella vt. palvelualuejohtajana.<\/div><\/li><li class=\"wp-block-rss__item\"><div class=\"wp-block-rss__item-title\"><a href=\"https:\/\/www.sttinfo.fi\/tiedote\/72254290\/vastra-nylands-valfardsomrade-fornyar-dokumentationsarbetet-med-hjalp-av-ai?lang=fi\">V\u00e4stra Nylands v\u00e4lf\u00e4rdsomr\u00e5de f\u00f6rnyar dokumentationsarbetet med hj\u00e4lp av AI<\/a><\/div><time datetime=\"2026-08-24T10:06:41+03:00\" class=\"wp-block-rss__item-publish-date\">24.8.2026<\/time> <div class=\"wp-block-rss__item-excerpt\">V\u00e4stra Nylands v\u00e4lf\u00e4rdsomr\u00e5de vill vara en f\u00f6reg\u00e5ngare n\u00e4r det g\u00e4ller att utnyttja tekniska l\u00f6sningar i yrkespersonernas arbete inom social- och h\u00e4lsov\u00e5rden. Med hj\u00e4lp av artificiell intelligens (AI) kan det dagliga arbetet underl\u00e4ttas och \u00e5terkommande rutinuppgifter automatiseras.<\/div><\/li><li class=\"wp-block-rss__item\"><div class=\"wp-block-rss__item-title\"><a href=\"https:\/\/www.sttinfo.fi\/tiedote\/72254203\/lansi-uudenmaan-hyvinvointialue-uudistaa-kirjaamista-tekoalyn-avulla?lang=fi\">L\u00e4nsi-Uudenmaan hyvinvointialue uudistaa kirjaamista teko\u00e4lyn avulla<\/a><\/div><time datetime=\"2026-08-24T10:03:42+03:00\" class=\"wp-block-rss__item-publish-date\">24.8.2026<\/time> <div class=\"wp-block-rss__item-excerpt\">L\u00e4nsi-Uudenmaan hyvinvointialue haluaa olla edell\u00e4k\u00e4vij\u00e4 teknologisten ratkaisujen hy\u00f6dynt\u00e4misess\u00e4 sosiaali- ja terveydenhuollon ammattilaisten ty\u00f6ss\u00e4. Teko\u00e4lyn avulla pystyt\u00e4\u00e4n tukemaan arjen ty\u00f6t\u00e4 ja automatisoimaan toistuvia taustat\u00f6it\u00e4.<\/div><\/li><li class=\"wp-block-rss__item\"><div class=\"wp-block-rss__item-title\"><a href=\"https:\/\/www.sttinfo.fi\/tiedote\/72249917\/invanare-i-alberga-far-ny-servicepunkt-for-halsostationstjanster?lang=fi\">Inv\u00e5nare i Alberga f\u00e5r ny servicepunkt f\u00f6r h\u00e4lsostationstj\u00e4nster<\/a><\/div><time datetime=\"2026-08-21T08:23:08+03:00\" class=\"wp-block-rss__item-publish-date\">21.8.2026<\/time> <div class=\"wp-block-rss__item-excerpt\">F\u00f6r en del av inv\u00e5narna i Esbo som bor inom Alberga h\u00e4lsostations ansvarsomr\u00e5de \u00f6verf\u00f6rs klientrelationen i b\u00f6rjan av september till en ny servicepunkt. Med f\u00f6r\u00e4ndringen vill man f\u00f6rb\u00e4ttra tillg\u00e5ngen till v\u00e5rd och st\u00e4rka en l\u00e5ngvarig v\u00e5rdrelation med en bekant l\u00e4kare och sk\u00f6tare. De kunder som \u00f6verf\u00f6rs f\u00e5r ett personligt brev om f\u00f6r\u00e4ndringen. V\u00e4stra Nylands v\u00e4lf\u00e4rdsomr\u00e5de [\u2026]<\/div><\/li><\/ul>\n\n\n<p class=\"wp-block-paragraph\" style=\"font-size:14px\">Lue <strong><a href=\"https:\/\/www.sttinfo.fi\/uutishuone\/69818831\/lansi-uudenmaan-hyvinvointialue-vastra-nylands-valfardsomrade\/r\" target=\"_blank\" rel=\"noreferrer noopener\">Lis\u00e4\u00e4 tiedotteita<\/a><\/strong><br>Lue <strong><a href=\"https:\/\/www.sttinfo.fi\/uutishuone\/69818831\/lansi-uudenmaan-hyvinvointialue-vastra-nylands-valfardsomrade\/s\" target=\"_blank\" rel=\"noreferrer noopener\">Sosiaalinen media<\/a><\/strong><\/p>\n\n<\/div>\n\t\t<\/div>\n\n<div id=\"stt-hsy\" class=\"wp-block-ub-content-toggle-accordion\" style=\"border-color: #f1f1f1; border-top-left-radius: 8px; border-top-right-radius: 8px; border-bottom-left-radius: 8px; border-bottom-right-radius: 8px; \">\n\t\t\t<div class=\"wp-block-ub-content-toggle-accordion-title-wrap\" style=\"background-color: #f1f1f1;\" aria-controls=\"ub-content-toggle-panel-2-4f1c9883-4617-41f8-9b9f-97827cffaf8e\" tabindex=\"0\">\n\t\t\t<h4 class=\"wp-block-ub-content-toggle-accordion-title ub-content-toggle-title-4f1c9883-4617-41f8-9b9f-97827cffaf8e\" style=\"color: #000000; \">HSY<\/h4>\n\t\t\t<div class=\"wp-block-ub-content-toggle-accordion-toggle-wrap right\" style=\"color: #000000;\"><span class=\"wp-block-ub-content-toggle-accordion-state-indicator wp-block-ub-chevron-down open\"><\/span><\/div>\n\t\t<\/div>\n\t\t\t<div role=\"region\" aria-expanded=\"true\" class=\"wp-block-ub-content-toggle-accordion-content-wrap\" id=\"ub-content-toggle-panel-2-4f1c9883-4617-41f8-9b9f-97827cffaf8e\">\n\n<p class=\"wp-block-paragraph\"><\/p>\n\n\n\n<div class=\"wprss_ajax\" data-id=\"rss7fc9eec7c1\"><img loading=\"lazy\" decoding=\"async\" src=\"https:\/\/solmu.eu\/asukkaidenespoo\/wp-content\/plugins\/wp-rss-retriever\/inc\/imgs\/ajax-loader.gif\" alt=\"Loading RSS Feed\" width=\"16\" height=\"16\"><\/div>&gt;\n\n\n\n<p class=\"wp-block-paragraph\" style=\"font-size:14px\">Lue <strong><a href=\"https:\/\/www.sttinfo.fi\/uutishuone\/4346\/hsy\/r\" target=\"_blank\" rel=\"noreferrer noopener\">Lis\u00e4\u00e4 tiedotteita<\/a><\/strong><br>Lue <strong><a href=\"https:\/\/www.sttinfo.fi\/uutishuone\/4346\/hsy\/s\" target=\"_blank\" rel=\"noreferrer noopener\">Sosiaalinen media<\/a><\/strong><\/p>\n\n<\/div>\n\t\t<\/div>\n\n<div id=\"stt-hsl\" class=\"wp-block-ub-content-toggle-accordion\" style=\"border-color: #f1f1f1; border-top-left-radius: 8px; border-top-right-radius: 8px; border-bottom-left-radius: 8px; border-bottom-right-radius: 8px; \">\n\t\t\t<div class=\"wp-block-ub-content-toggle-accordion-title-wrap\" style=\"background-color: #f1f1f1;\" aria-controls=\"ub-content-toggle-panel-3-4f1c9883-4617-41f8-9b9f-97827cffaf8e\" tabindex=\"0\">\n\t\t\t<h4 class=\"wp-block-ub-content-toggle-accordion-title ub-content-toggle-title-4f1c9883-4617-41f8-9b9f-97827cffaf8e\" style=\"color: #000000; \">HSL<\/h4>\n\t\t\t<div class=\"wp-block-ub-content-toggle-accordion-toggle-wrap right\" style=\"color: #000000;\"><span class=\"wp-block-ub-content-toggle-accordion-state-indicator wp-block-ub-chevron-down open\"><\/span><\/div>\n\t\t<\/div>\n\t\t\t<div role=\"region\" aria-expanded=\"true\" class=\"wp-block-ub-content-toggle-accordion-content-wrap\" id=\"ub-content-toggle-panel-3-4f1c9883-4617-41f8-9b9f-97827cffaf8e\">\n<ul class=\"has-dates has-excerpts wp-block-rss\"><li class=\"wp-block-rss__item\"><div class=\"wp-block-rss__item-title\"><a href=\"https:\/\/www.sttinfo.fi\/tiedote\/72277641\/raitiovaunuliikenne-kruunusilloilla-alkaa-711?lang=fi\" target=\"_blank\">Raitiovaunuliikenne Kruunusilloilla alkaa 7.11.<\/a><\/div><time datetime=\"2026-08-31T12:00:00+03:00\" class=\"wp-block-rss__item-publish-date\">31.8.2026<\/time> <div class=\"wp-block-rss__item-excerpt\">Helsingin raitiovaunuverkko laajenee it\u00e4\u00e4n lauantaina 7.11.2026, kun Kruunusillat-hankkeessa rakennettu raitiotie aukeaa liikenteelle. Uudella reitill\u00e4 liikenn\u00f6iv\u00e4t linjat 11 (Pasila\u2013Kruunuvuorenranta) ja 12 (Rautatientori\u2013Yliskyl\u00e4).<\/div><\/li><li class=\"wp-block-rss__item\"><div class=\"wp-block-rss__item-title\"><a href=\"https:\/\/www.sttinfo.fi\/tiedote\/72265455\/hsl-looks-muotinaytostapahtuma-jarjestetaan-keskustassa-lauantaina-298-lue-kaikki-tarvittava-tieto-koottuna?lang=fi\" target=\"_blank\">HSL LOOKS -muotin\u00e4yt\u00f6stapahtuma j\u00e4rjestet\u00e4\u00e4n keskustassa lauantaina 29.8. \u2013 Lue kaikki tarvittava tieto koottuna<\/a><\/div><time datetime=\"2026-08-27T10:13:00+03:00\" class=\"wp-block-rss__item-publish-date\">27.8.2026<\/time> <div class=\"wp-block-rss__item-excerpt\">Mit\u00e4: HSL LOOKS on kaikille avoin ja maksuton muotin\u00e4yt\u00f6stapahtuma, jossa esitell\u00e4\u00e4n stylisti Minttu Vesalan, HSL:n, nousevien suomalaisten suunnittelijoiden ja Stadin ammattiopiston yhteisty\u00f6st\u00e4 syntynytt\u00e4 tyylikokonaisuutta. Lookit on luotu t\u00e4ysin kierr\u00e4tysmateriaaleista ja liikennev\u00e4lineisiin unohtuneista l\u00f6yt\u00f6tavaroista. Sek\u00e4 tyylikokonaisuus ett\u00e4 tapahtuma juhlistavat kaupunkikulttuuria ja joukkoliikenteen monimuotoisuutta. Miss\u00e4: Helsingin p\u00e4\u00e4rautatieaseman Kompassiaukio (Rautatientorin metroasema). N\u00e4yt\u00f6st\u00e4 voi seurata liven\u00e4 my\u00f6s HSL:n Instagramissa [\u2026]<\/div><\/li><li class=\"wp-block-rss__item\"><div class=\"wp-block-rss__item-title\"><a href=\"https:\/\/www.sttinfo.fi\/tiedote\/72248409\/hsl-ja-stylisti-minttu-vesala-jarjestavat-ainutlaatuisen-kaupunkikulttuuria-ja-katutyylia-juhlistavan-hsl-looks-muotinaytostapahtuman-helsingin-paarautatieaseman-kompassiaukiolla-lauantaina-298?lang=fi\" target=\"_blank\">HSL ja stylisti Minttu Vesala j\u00e4rjest\u00e4v\u00e4t ainutlaatuisen kaupunkikulttuuria ja katutyyli\u00e4 juhlistavan HSL LOOKS -muotin\u00e4yt\u00f6stapahtuman Helsingin P\u00e4\u00e4rautatieaseman Kompassiaukiolla lauantaina 29.8.<\/a><\/div><time datetime=\"2026-08-20T14:39:12+03:00\" class=\"wp-block-rss__item-publish-date\">20.8.2026<\/time> <div class=\"wp-block-rss__item-excerpt\">Helsingin seudun liikenne (HSL) toteuttaa stylisti Minttu Vesalan kanssa yhteisty\u00f6ss\u00e4 HSL LOOKS -nimisen tapahtuman, joka juhlistaa p\u00e4\u00e4kaupunkiseudun erilaisia tyylej\u00e4, kaupunkikulttuuria, joukkoliikenteen monimuotoisuutta ja kierr\u00e4tysmuotia. Lis\u00e4ksi se kannustaa matkustajia tuomaan rohkeasti esiin omaa tyyli\u00e4\u00e4n, sek\u00e4 muistuttaa, ett\u00e4 joukkoliikenteess\u00e4 on tilaa kaikille ja jokainen voi olla siell\u00e4 oma itsens\u00e4 sek\u00e4 kantaa omaa tyyli\u00e4\u00e4n ylpeydell\u00e4.<\/div><\/li><li class=\"wp-block-rss__item\"><div class=\"wp-block-rss__item-title\"><a href=\"https:\/\/www.sttinfo.fi\/tiedote\/72241405\/hsln-hallituksen-paatoksia-1882026?lang=fi\" target=\"_blank\">HSL:n hallituksen p\u00e4\u00e4t\u00f6ksi\u00e4 18.8.2026<\/a><\/div><time datetime=\"2026-08-18T14:22:23+03:00\" class=\"wp-block-rss__item-publish-date\">18.8.2026<\/time> <div class=\"wp-block-rss__item-excerpt\">HSL:n hallituksen k\u00e4sitelt\u00e4vin\u00e4 olivat muun muassa HSL-korttien ja lippujen myynti- ja latauspalveluista vastaavien toimijoiden kilpailutus ja osavuosikatsaus 2\/2026.<\/div><\/li><li class=\"wp-block-rss__item\"><div class=\"wp-block-rss__item-title\"><a href=\"https:\/\/www.sttinfo.fi\/tiedote\/72231356\/hsln-liikennevalineisiin-unohtuneista-tavaroista-noudetaan-noin-neljannes?lang=fi\" target=\"_blank\">HSL:n liikennev\u00e4lineisiin unohtuneista tavaroista noudetaan noin nelj\u00e4nnes<\/a><\/div><time datetime=\"2026-08-13T14:38:10+03:00\" class=\"wp-block-rss__item-publish-date\">13.8.2026<\/time> <div class=\"wp-block-rss__item-excerpt\">P\u00e4\u00e4kaupunkiseudun julkisiin unohtuu vuosittain yli 30 000 tavaraa, joista noudetaan vain nelj\u00e4nnes \u2013\u202fmukana h\u00e4\u00e4puku, kalkkuna ja lehmien rapsutusharja.<\/div><\/li><\/ul>\n\n\n<p class=\"wp-block-paragraph\" style=\"font-size:14px\">Lue <a href=\"https:\/\/www.sttinfo.fi\/uutishuone\/4396\/hsl\/r\"><strong>Lis\u00e4\u00e4 tiedotteita<\/strong><\/a><br>Lue <strong><a href=\"https:\/\/www.sttinfo.fi\/uutishuone\/4396\/hsl\/s\" target=\"_blank\" rel=\"noreferrer noopener\">Sosiaalinen media<\/a><\/strong><\/p>\n\n<\/div>\n\t\t<\/div>\n<\/div><\/div>\n\n\n\n<div class=\"wp-block-column is-layout-flow wp-block-column-is-layout-flow\" style=\"flex-basis:32%\"><div class=\"wp-block-ub-content-toggle wp-block-ub-content-toggle-block\" id=\"ub-content-toggle-block-ba529896-971c-4f38-9072-3e42f9c99885\" data-mobilecollapse=\"false\" data-desktopcollapse=\"false\" data-preventcollapse=\"false\" data-showonlyone=\"false\">\n<div id=\"espoo\" class=\"wp-block-ub-content-toggle-accordion\" style=\"border-color: #f1f1f1; border-top-left-radius: 8px; border-top-right-radius: 8px; border-bottom-left-radius: 8px; border-bottom-right-radius: 8px; \">\n\t\t\t<div class=\"wp-block-ub-content-toggle-accordion-title-wrap\" style=\"background-color: #f1f1f1;\" aria-controls=\"ub-content-toggle-panel-0-ba529896-971c-4f38-9072-3e42f9c99885\" tabindex=\"0\">\n\t\t\t<h4 class=\"wp-block-ub-content-toggle-accordion-title ub-content-toggle-title-ba529896-971c-4f38-9072-3e42f9c99885\" style=\"color: #000000; \">Uutisia Espoosta<\/h4>\n\t\t\t<div class=\"wp-block-ub-content-toggle-accordion-toggle-wrap right\" style=\"color: #000000;\"><span class=\"wp-block-ub-content-toggle-accordion-state-indicator wp-block-ub-chevron-down open\"><\/span><\/div>\n\t\t<\/div>\n\t\t\t<div role=\"region\" aria-expanded=\"true\" class=\"wp-block-ub-content-toggle-accordion-content-wrap\" id=\"ub-content-toggle-panel-0-ba529896-971c-4f38-9072-3e42f9c99885\">\n<ul class=\"has-dates has-excerpts wp-block-rss\"><li class=\"wp-block-rss__item\"><div class=\"wp-block-rss__item-title\"><a href=\"https:\/\/www.espoo.fi\/fi\/uutiset\/2026\/09\/manna-avusta-ravintoa-keholle-seka-mielelle\" target=\"_blank\">Manna-avusta ravintoa keholle sek\u00e4 mielelle<\/a><\/div><time datetime=\"2026-09-04T15:02:06+03:00\" class=\"wp-block-rss__item-publish-date\">4.9.2026<\/time> <div class=\"wp-block-rss__item-excerpt\">Manna-avusta ravintoa keholle sek\u00e4 mielelle Laadukasta h\u00e4vikkiruokaa v\u00e4h\u00e4varaisille Manna-Avun autotiimin p\u00e4iv\u00e4 alkaa seitsem\u00e4lt\u00e4 aamulla. Vapaaehtoisista koostuva joukko l\u00e4htee kiert\u00e4m\u00e4\u00e4n kumppanikauppoja, -tukkuja ja kouluja. T\u00e4ysin sy\u00f6miskelpoista ruokaa tulee joskus tehty\u00e4 tai tilattua yli oman tarpeen, ja silloin ylij\u00e4\u00e4m\u00e4 lahjoitetaan Manna-Avulle. Vapaaehtoiset tarkastavat lahjoitusten kunnon, jakavat ainekset valmiisiin koreihin ja asettelevat ne esille Tuomarilassa sijaitsevan Manna-Talon edustalle.\u00a0 [\u2026]<\/div><\/li><li class=\"wp-block-rss__item\"><div class=\"wp-block-rss__item-title\"><a href=\"https:\/\/www.espoo.fi\/fi\/uutiset\/2026\/09\/lasten-ja-huoltajien-kokemuksia-varhaiskasvatuksesta-selvitetaan-asiakaskyselylla\" target=\"_blank\">Lasten ja huoltajien kokemuksia varhaiskasvatuksesta selvitet\u00e4\u00e4n asiakaskyselyll\u00e4<\/a><\/div><time datetime=\"2026-09-04T09:31:58+03:00\" class=\"wp-block-rss__item-publish-date\">4.9.2026<\/time> <div class=\"wp-block-rss__item-excerpt\">Lasten ja huoltajien kokemuksia varhaiskasvatuksesta selvitet\u00e4\u00e4n asiakaskyselyll\u00e4 Helsingin, Espoon, Vantaan ja Kauniaisten kaupungit toteuttavat syyskuussa yhteisen varhaiskasvatuksen ja esiopetuksen asiakaskyselyn. Kyselyll\u00e4 selvitet\u00e4\u00e4n lasten ja huoltajien kokemuksia muun muassa varhaiskasvatuksessa ja esiopetuksessa aloittamisesta, lapsen osallisuudesta sek\u00e4 tiedonkulusta kodin ja varhaiskasvatuksen v\u00e4lill\u00e4. Kysymyksi\u00e4 on huoltajien lis\u00e4ksi my\u00f6s lapsille.\u00a0 Huoltajien ja lasten n\u00e4kemykset ovat t\u00e4rke\u00e4 osa varhaiskasvatuksen arviointia [\u2026]<\/div><\/li><li class=\"wp-block-rss__item\"><div class=\"wp-block-rss__item-title\"><a href=\"https:\/\/www.espoo.fi\/fi\/uutiset\/2026\/09\/sahkopotkulautapalveluiden-kehittaminen-nakyy-espoossa\" target=\"_blank\">S\u00e4hk\u00f6potkulautapalveluiden kehitt\u00e4minen n\u00e4kyy Espoossa<\/a><\/div><time datetime=\"2026-09-03T08:28:27+03:00\" class=\"wp-block-rss__item-publish-date\">3.9.2026<\/time> <div class=\"wp-block-rss__item-excerpt\">S\u00e4hk\u00f6potkulautapalveluiden kehitt\u00e4minen n\u00e4kyy Espoossa Tiemerkint\u00e4 on tehokas keino ohjata potkulaudat toivottuun sijaintiin. N\u00e4in on k\u00e4ynyt esimerkiksi Otaniemess\u00e4, jossa huolimattomasti pys\u00e4k\u00f6ityjen lautojen m\u00e4\u00e4r\u00e4 on v\u00e4hentynyt viime vuodesta uusien pys\u00e4k\u00f6intiruutujen my\u00f6t\u00e4. S\u00e4hk\u00f6potkulautojen sesonki on alkusyksyst\u00e4 eli juuri nyt kuumimmillaan. Kokonaisuudessaan kulunut kausi on t\u00e4h\u00e4n menness\u00e4 sujunut hyvin, eik\u00e4 merkitt\u00e4vi\u00e4 haasteita ole ilmennyt. T\u00e4ll\u00e4 kaudella Espoossa on toiminut [\u2026]<\/div><\/li><li class=\"wp-block-rss__item\"><div class=\"wp-block-rss__item-title\"><a href=\"https:\/\/www.espoo.fi\/fi\/uutiset\/2026\/09\/nay-ja-kuulu-liikenteessa-espoon-pyorailypiste-kerasi-satoja-kavijoita\" target=\"_blank\">N\u00e4y ja kuulu liikenteess\u00e4: Espoon py\u00f6r\u00e4ilypiste ker\u00e4si satoja k\u00e4vij\u00f6it\u00e4<\/a><\/div><time datetime=\"2026-09-02T15:33:28+03:00\" class=\"wp-block-rss__item-publish-date\">2.9.2026<\/time> <div class=\"wp-block-rss__item-excerpt\">N\u00e4y ja kuulu liikenteess\u00e4: Espoon py\u00f6r\u00e4ilypiste ker\u00e4si satoja k\u00e4vij\u00f6it\u00e4 Tapiola Aalto Welcome Fair on erityisesti uusille opiskelijoille suunnattu tapahtuma, jossa Aalto-yliopisto ja sen yhteisty\u00f6kumppanit esittelev\u00e4t opiskelijoiden arkea tukevia palveluja ja mahdollisuuksia. Espoon py\u00f6r\u00e4ilypisteell\u00e4 uusille opiskelijoille kerrottiin py\u00f6r\u00e4ilyst\u00e4 yhten\u00e4 helppona, edullisena ja kest\u00e4v\u00e4n\u00e4 tapana liikkua uudessa kotikaupungissa. Keskusteluissa nousivat esiin erityisesti Espoon py\u00f6r\u00e4ilyreitit, talvikunnossapito, kaupunkipy\u00f6r\u00e4t, ymp\u00e4rivuotinen [\u2026]<\/div><\/li><li class=\"wp-block-rss__item\"><div class=\"wp-block-rss__item-title\"><a href=\"https:\/\/www.espoo.fi\/fi\/uutiset\/2026\/09\/mun-espoo-kartalla-koettu-turvallisuus-osana-viihtyisaa-kaupunkiymparistoa\" target=\"_blank\">Mun Espoo kartalla: Koettu turvallisuus osana viihtyis\u00e4\u00e4 kaupunkiymp\u00e4rist\u00f6\u00e4<\/a><\/div><time datetime=\"2026-09-02T14:00:00+03:00\" class=\"wp-block-rss__item-publish-date\">2.9.2026<\/time> <div class=\"wp-block-rss__item-excerpt\">Mun Espoo kartalla: Koettu turvallisuus osana viihtyis\u00e4\u00e4 kaupunkiymp\u00e4rist\u00f6\u00e4 Hyv\u00e4 valaistus, avoimet n\u00e4kym\u00e4t, siisti ymp\u00e4rist\u00f6 sek\u00e4 aktiivinen katutaso vahvistivat tutkimuksen mukaan turvallisuuden tunnetta. Mun Espoo kartalla -kysely tarjoaa arvokasta tietoa siit\u00e4, miten asukkaat kokevat oman kaupunkiymp\u00e4rist\u00f6ns\u00e4. Kyselyn vuoden 2024 aineiston pohjalta laaditussa kandidaatinty\u00f6ss\u00e4 tarkasteltiin koettua turvallisuutta Espoon kaupunkiymp\u00e4rist\u00f6ss\u00e4. Tavoitteena oli selvitt\u00e4\u00e4, miten erilaiset kaupunkirakenteen piirteet liittyv\u00e4t [\u2026]<\/div><\/li><\/ul>\n<\/div>\n\t\t<\/div>\n\n<div id=\"luvn\" class=\"wp-block-ub-content-toggle-accordion\" style=\"border-color: #f1f1f1; border-top-left-radius: 8px; border-top-right-radius: 8px; border-bottom-left-radius: 8px; border-bottom-right-radius: 8px; \">\n\t\t\t<div class=\"wp-block-ub-content-toggle-accordion-title-wrap\" style=\"background-color: #f1f1f1;\" aria-controls=\"ub-content-toggle-panel-1-ba529896-971c-4f38-9072-3e42f9c99885\" tabindex=\"0\">\n\t\t\t<h4 class=\"wp-block-ub-content-toggle-accordion-title ub-content-toggle-title-ba529896-971c-4f38-9072-3e42f9c99885\" style=\"color: #000000; \">Uutisia L\u00e4nsi-Uudenmaan hyvinvointialueelta<\/h4>\n\t\t\t<div class=\"wp-block-ub-content-toggle-accordion-toggle-wrap right\" style=\"color: #000000;\"><span class=\"wp-block-ub-content-toggle-accordion-state-indicator wp-block-ub-chevron-down open\"><\/span><\/div>\n\t\t<\/div>\n\t\t\t<div role=\"region\" aria-expanded=\"true\" class=\"wp-block-ub-content-toggle-accordion-content-wrap\" id=\"ub-content-toggle-panel-1-ba529896-971c-4f38-9072-3e42f9c99885\">\n\n<p class=\"wp-block-paragraph\"><\/p>\n\n\n<ul class=\"has-dates has-excerpts wp-block-rss\"><li class=\"wp-block-rss__item\"><div class=\"wp-block-rss__item-title\"><a href=\"https:\/\/luvn.fi\/fi\/uutiset\/2026\/09\/lansi-uudenmaan-hyvinvointialue-ottaa-suomifi-viestit-kayttoon-vaiheittain\" target=\"_blank\">L\u00e4nsi-Uudenmaan hyvinvointialue ottaa Suomi.fi-viestit k\u00e4ytt\u00f6\u00f6n vaiheittain<\/a><\/div><time datetime=\"2026-09-01T15:43:15+03:00\" class=\"wp-block-rss__item-publish-date\">1.9.2026<\/time> <div class=\"wp-block-rss__item-excerpt\">L\u00e4nsi-Uudenmaan hyvinvointialue ottaa Suomi.fi-viestit k\u00e4ytt\u00f6\u00f6n vaiheittain Espoo Hanko Inkoo Karkkila Kauniainen Kirkkonummi Lohja Raasepori Siuntio Vihti Ensimm\u00e4isen\u00e4 viestit otetaan k\u00e4ytt\u00f6\u00f6n syyskuussa hyvinvointialueen asianhallinnassa ja suomi.fi-viestill\u00e4 voidaan l\u00e4hett\u00e4\u00e4 esimerkiksi vastaus asiakkaan tekem\u00e4\u00e4n muistutukseen tai oikaisuvaatimukseen.\u00a0 Suomi.fi-viestien k\u00e4ytt\u00f6 laajenee loppuvuodesta 2026. Tavoitteena on, ett\u00e4 hyvinvointialueemme l\u00e4hett\u00e4\u00e4 suomi.fi-viestin\u00e4 esimerkiksi ilmoitukset, asiakaskirjeet sek\u00e4 my\u00f6hemmin my\u00f6s asiakaslaskut. Tiedotamme k\u00e4ytt\u00f6\u00f6noton aikataulusta [\u2026]<\/div><\/li><li class=\"wp-block-rss__item\"><div class=\"wp-block-rss__item-title\"><a href=\"https:\/\/luvn.fi\/fi\/uutiset\/2026\/08\/vie-vanhus-ulos-kampanja-kannustaa-yhteisiin-ulkoiluhetkiin-lansi-uudenmaan-hyvinvointialue-mukana\" target=\"_blank\">Vie vanhus ulos -kampanja kannustaa yhteisiin ulkoiluhetkiin \u2013 L\u00e4nsi-Uudenmaan hyvinvointialue mukana<\/a><\/div><time datetime=\"2026-08-31T14:20:28+03:00\" class=\"wp-block-rss__item-publish-date\">31.8.2026<\/time> <div class=\"wp-block-rss__item-excerpt\">Vie vanhus ulos -kampanja kannustaa yhteisiin ulkoiluhetkiin \u2013 L\u00e4nsi-Uudenmaan hyvinvointialue mukana Espoo Hanko Inkoo Karkkila Kauniainen Kirkkonummi Lohja Raasepori Siuntio Vihti Olemme mukana valtakunnallisessa Vie vanhus ulos -kampanjassa, joka j\u00e4rjestet\u00e4\u00e4n 7.\u201320.9.2026 Ik\u00e4instituutin koordinoimana teemalla \u201dUlkoilun ilo kuuluu kaikille\u201d. Vuosittaisen kampanjan tavoitteena on lis\u00e4t\u00e4 i\u00e4kk\u00e4iden ulkoilua omaisten, l\u00e4heisten, henkil\u00f6kunnan ja vapaaehtoisten tukemana. Monet ik\u00e4ihmiset tarvitsevat ulkoilukaverin [\u2026]<\/div><\/li><li class=\"wp-block-rss__item\"><div class=\"wp-block-rss__item-title\"><a href=\"https:\/\/luvn.fi\/fi\/uutiset\/2026\/08\/pidetaan-lansiuusimaalaiset-pystyssa-kaatumisten-ehkaisyn-projekti-kaynnistyy-syyskuussa\" target=\"_blank\">Pidet\u00e4\u00e4n l\u00e4nsiuusimaalaiset pystyss\u00e4 \u2013 kaatumisten ehk\u00e4isyn projekti k\u00e4ynnistyy syyskuussa<\/a><\/div><time datetime=\"2026-08-28T13:06:55+03:00\" class=\"wp-block-rss__item-publish-date\">28.8.2026<\/time> <div class=\"wp-block-rss__item-excerpt\">Pidet\u00e4\u00e4n l\u00e4nsiuusimaalaiset pystyss\u00e4 \u2013 kaatumisten ehk\u00e4isyn projekti k\u00e4ynnistyy syyskuussa Espoo Hanko Inkoo Karkkila Kauniainen Kirkkonummi Lohja Raasepori Siuntio Vihti Kaatumiset ovat ik\u00e4\u00e4ntyneiden yleisin tapaturmien syy ja yksi merkitt\u00e4vimmist\u00e4 toimintakyky\u00e4 heikent\u00e4vist\u00e4 terveysriskeist\u00e4. Ne voivat johtaa vammoihin, liikkumisen pelkoon, toimintakyvyn laskuun sek\u00e4 kasvavaan palveluntarpeeseen. Vaikutukset n\u00e4kyv\u00e4t niin yksitt\u00e4isen ihmisen arjessa kuin sosiaali- ja terveyspalvelujen kuormituksessa. Joka toinen [\u2026]<\/div><\/li><li class=\"wp-block-rss__item\"><div class=\"wp-block-rss__item-title\"><a href=\"https:\/\/luvn.fi\/fi\/uutiset\/2026\/08\/puolesta-asiointi-lunnassa-uudistuu-278\" target=\"_blank\">Puolesta asiointi Lunnassa uudistuu 27.8.<\/a><\/div><time datetime=\"2026-08-27T13:55:49+03:00\" class=\"wp-block-rss__item-publish-date\">27.8.2026<\/time> <div class=\"wp-block-rss__item-excerpt\">Puolesta asiointi Lunnassa uudistuu 27.8. Espoo Hanko Inkoo Karkkila Kauniainen Kirkkonummi Lohja Raasepori Siuntio Vihti Voit asioida Lunnassa esimerkiksi alaik\u00e4isen lapsesi puolesta. Voit asioida my\u00f6s sellaisen aikuisen puolesta, joka on antanut sinulle Suomi.fi-valtuuden sek\u00e4 sosiaalihuollon ett\u00e4 terveydenhuollon asioiden hoitoon. Asiointia varten sinun tulee lis\u00e4t\u00e4 henkil\u00f6 profiiliisi Lunnassa.\u00a0 Kun kirjaudut Lunnaan, valitset oman profiilisi tai henkil\u00f6n, [\u2026]<\/div><\/li><li class=\"wp-block-rss__item\"><div class=\"wp-block-rss__item-title\"><a href=\"https:\/\/luvn.fi\/fi\/uutiset\/2026\/08\/vesirokkorokotteen-voi-nyt-saada-myos-aikuinen\" target=\"_blank\">Vesirokkorokotteen voi nyt saada my\u00f6s aikuinen<\/a><\/div><time datetime=\"2026-08-26T07:53:29+03:00\" class=\"wp-block-rss__item-publish-date\">26.8.2026<\/time> <div class=\"wp-block-rss__item-excerpt\">Vesirokkorokotteen voi nyt saada my\u00f6s aikuinen Kansallinen rokotusohjelma on laajentunut, ja vesirokkorokotetta tarjotaan nyt my\u00f6s 20\u201350-vuotiaille aikuisille, jotka eiv\u00e4t ole sairastaneet vesirokkoa tai saaneet siihen rokotetta. Lasten rokotuksiin ei tule muutoksia, ja ne annetaan edelleen osana kansallista rokotusohjelmaa 1,5- ja 6-vuotiaille. Aikuiset voivat saada vesirokkorokotteen terveysasemalta, neuvolasta tai opiskeluterveydenhuollosta. Rokotukset alkavat terveysasemilla viikolla 35. Jos [\u2026]<\/div><\/li><\/ul>\n<\/div>\n\t\t<\/div>\n\n<div id=\"hsy\" class=\"wp-block-ub-content-toggle-accordion\" style=\"border-color: #f1f1f1; border-top-left-radius: 8px; border-top-right-radius: 8px; border-bottom-left-radius: 8px; border-bottom-right-radius: 8px; \">\n\t\t\t<div class=\"wp-block-ub-content-toggle-accordion-title-wrap\" style=\"background-color: #f1f1f1;\" aria-controls=\"ub-content-toggle-panel-2-ba529896-971c-4f38-9072-3e42f9c99885\" tabindex=\"0\">\n\t\t\t<h4 class=\"wp-block-ub-content-toggle-accordion-title ub-content-toggle-title-ba529896-971c-4f38-9072-3e42f9c99885\" style=\"color: #000000; \">HSY:n uutisia<\/h4>\n\t\t\t<div class=\"wp-block-ub-content-toggle-accordion-toggle-wrap right\" style=\"color: #000000;\"><span class=\"wp-block-ub-content-toggle-accordion-state-indicator wp-block-ub-chevron-down open\"><\/span><\/div>\n\t\t<\/div>\n\t\t\t<div role=\"region\" aria-expanded=\"true\" class=\"wp-block-ub-content-toggle-accordion-content-wrap\" id=\"ub-content-toggle-panel-2-ba529896-971c-4f38-9072-3e42f9c99885\">\n\n<div class=\"wprss_ajax\" data-id=\"rssf7c1b440f9\"><img loading=\"lazy\" decoding=\"async\" src=\"https:\/\/solmu.eu\/asukkaidenespoo\/wp-content\/plugins\/wp-rss-retriever\/inc\/imgs\/ajax-loader.gif\" alt=\"Loading RSS Feed\" width=\"16\" height=\"16\"><\/div>\n\n<\/div>\n\t\t<\/div>\n<\/div><\/div>\n\n\n\n<div class=\"wp-block-column is-layout-flow wp-block-column-is-layout-flow\" style=\"flex-basis:32%\"><div class=\"wp-block-ub-content-toggle wp-block-ub-content-toggle-block\" id=\"ub-content-toggle-block-fcf84087-2637-4ffd-9784-cbb198ac3def\" data-mobilecollapse=\"false\" data-desktopcollapse=\"false\" data-preventcollapse=\"false\" data-showonlyone=\"false\">\n<div id=\"toimielimet\" class=\"wp-block-ub-content-toggle-accordion\" style=\"border-color: #f1f1f1; border-top-left-radius: 8px; border-top-right-radius: 8px; border-bottom-left-radius: 8px; border-bottom-right-radius: 8px; \">\n\t\t\t<div class=\"wp-block-ub-content-toggle-accordion-title-wrap\" style=\"background-color: #f1f1f1;\" aria-controls=\"ub-content-toggle-panel-0-fcf84087-2637-4ffd-9784-cbb198ac3def\" tabindex=\"0\">\n\t\t\t<h4 class=\"wp-block-ub-content-toggle-accordion-title ub-content-toggle-title-fcf84087-2637-4ffd-9784-cbb198ac3def\" style=\"color: #000000; \">Toimielimet<\/h4>\n\t\t\t<div class=\"wp-block-ub-content-toggle-accordion-toggle-wrap right\" style=\"color: #000000;\"><span class=\"wp-block-ub-content-toggle-accordion-state-indicator wp-block-ub-chevron-down open\"><\/span><\/div>\n\t\t<\/div>\n\t\t\t<div role=\"region\" aria-expanded=\"true\" class=\"wp-block-ub-content-toggle-accordion-content-wrap\" id=\"ub-content-toggle-panel-0-fcf84087-2637-4ffd-9784-cbb198ac3def\">\n<ul class=\"wp-block-rss\"><li class=\"wp-block-rss__item\"><div class=\"wp-block-rss__item-title\"><a href=\"https:\/\/espoo.oncloudos.com\/cgi\/DREQUEST.PHP?page=meeting&amp;id=20261713\" target=\"_blank\">Kasvun ja oppimisen lautakunta 09.09.2026<\/a><\/div><\/li><li class=\"wp-block-rss__item\"><div class=\"wp-block-rss__item-title\"><a href=\"https:\/\/espoo.oncloudos.com\/cgi\/DREQUEST.PHP?page=meeting&amp;id=20261726\" target=\"_blank\">Tarkastuslautakunta 08.09.2026<\/a><\/div><\/li><li class=\"wp-block-rss__item\"><div class=\"wp-block-rss__item-title\"><a href=\"https:\/\/espoo.oncloudos.com\/cgi\/DREQUEST.PHP?page=meeting&amp;id=20261710\" target=\"_blank\">Kaupunginhallitus 07.09.2026<\/a><\/div><\/li><li class=\"wp-block-rss__item\"><div class=\"wp-block-rss__item-title\"><a href=\"https:\/\/espoo.oncloudos.com\/cgi\/DREQUEST.PHP?page=meeting&amp;id=20261708\" target=\"_blank\">Kaupunginhallituksen elinkeino- ja kilpailukykyjaosto 07.09.2026<\/a><\/div><\/li><li class=\"wp-block-rss__item\"><div class=\"wp-block-rss__item-title\"><a href=\"https:\/\/espoo.oncloudos.com\/cgi\/DREQUEST.PHP?page=meeting&amp;id=20261718\" target=\"_blank\">Tarkastuslautakunta 02.09.2026<\/a><\/div><\/li><li class=\"wp-block-rss__item\"><div class=\"wp-block-rss__item-title\"><a href=\"https:\/\/espoo.oncloudos.com\/cgi\/DREQUEST.PHP?page=meeting&amp;id=20261705\" target=\"_blank\">Kaupunkisuunnittelulautakunta 02.09.2026<\/a><\/div><\/li><li class=\"wp-block-rss__item\"><div class=\"wp-block-rss__item-title\"><a href=\"https:\/\/espoo.oncloudos.com\/cgi\/DREQUEST.PHP?page=meeting&amp;id=20261706\" target=\"_blank\">Kaupunginhallitus 31.08.2026<\/a><\/div><\/li><li class=\"wp-block-rss__item\"><div class=\"wp-block-rss__item-title\"><a href=\"https:\/\/espoo.oncloudos.com\/cgi\/DREQUEST.PHP?page=meeting&amp;id=20261707\" target=\"_blank\">Kaupunginhallituksen konserni- ja tilajaosto 31.08.2026<\/a><\/div><\/li><li class=\"wp-block-rss__item\"><div class=\"wp-block-rss__item-title\"><a href=\"https:\/\/espoo.oncloudos.com\/cgi\/DREQUEST.PHP?page=meeting&amp;id=20261703\" target=\"_blank\">Ymp\u00e4rist\u00f6- ja rakennuslautakunta 27.08.2026<\/a><\/div><\/li><li class=\"wp-block-rss__item\"><div class=\"wp-block-rss__item-title\"><a href=\"https:\/\/espoo.oncloudos.com\/cgi\/DREQUEST.PHP?page=meeting&amp;id=20261695\" target=\"_blank\">N\u00e4mnden Svenska rum 27.08.2026<\/a><\/div><\/li><li class=\"wp-block-rss__item\"><div class=\"wp-block-rss__item-title\"><a href=\"https:\/\/espoo.oncloudos.com\/cgi\/DREQUEST.PHP?page=meeting&amp;id=20261702\" target=\"_blank\">Tekninen lautakunta 26.08.2026<\/a><\/div><\/li><li class=\"wp-block-rss__item\"><div class=\"wp-block-rss__item-title\"><a href=\"https:\/\/espoo.oncloudos.com\/cgi\/DREQUEST.PHP?page=meeting&amp;id=20261696\" target=\"_blank\">Kasvun ja oppimisen lautakunta 26.08.2026<\/a><\/div><\/li><li class=\"wp-block-rss__item\"><div class=\"wp-block-rss__item-title\"><a href=\"https:\/\/espoo.oncloudos.com\/cgi\/DREQUEST.PHP?page=meeting&amp;id=20261698\" target=\"_blank\">Valtuusto 24.08.2026<\/a><\/div><\/li><li class=\"wp-block-rss__item\"><div class=\"wp-block-rss__item-title\"><a href=\"https:\/\/espoo.oncloudos.com\/cgi\/DREQUEST.PHP?page=meeting&amp;id=20261704\" target=\"_blank\">Kaupunginhallituksen ty\u00f6llisyys- ja kotoutumisjaosto 24.08.2026<\/a><\/div><\/li><li class=\"wp-block-rss__item\"><div class=\"wp-block-rss__item-title\"><a href=\"https:\/\/espoo.oncloudos.com\/cgi\/DREQUEST.PHP?page=meeting&amp;id=20261689\" target=\"_blank\">Kaupunkisuunnittelulautakunta 19.08.2026<\/a><\/div><\/li><\/ul>\n<\/div>\n\t\t<\/div>\n\n<div id=\"palaute\" class=\"wp-block-ub-content-toggle-accordion\" style=\"border-color: #f1f1f1; border-top-left-radius: 8px; border-top-right-radius: 8px; border-bottom-left-radius: 8px; border-bottom-right-radius: 8px; \">\n\t\t\t<div class=\"wp-block-ub-content-toggle-accordion-title-wrap\" style=\"background-color: #f1f1f1;\" aria-controls=\"ub-content-toggle-panel-1-fcf84087-2637-4ffd-9784-cbb198ac3def\" tabindex=\"0\">\n\t\t\t<h4 class=\"wp-block-ub-content-toggle-accordion-title ub-content-toggle-title-fcf84087-2637-4ffd-9784-cbb198ac3def\" style=\"color: #000000; \">Espoon palautepalvelu<\/h4>\n\t\t\t<div class=\"wp-block-ub-content-toggle-accordion-toggle-wrap right\" style=\"color: #000000;\"><span class=\"wp-block-ub-content-toggle-accordion-state-indicator wp-block-ub-chevron-down open\"><\/span><\/div>\n\t\t<\/div>\n\t\t\t<div role=\"region\" aria-expanded=\"true\" class=\"wp-block-ub-content-toggle-accordion-content-wrap\" id=\"ub-content-toggle-panel-1-fcf84087-2637-4ffd-9784-cbb198ac3def\">\n<ul class=\"has-dates has-excerpts wp-block-rss\"><li class=\"wp-block-rss__item\"><div class=\"wp-block-rss__item-title\"><a href=\"https:\/\/easiointi.espoo.fi\/eFeedback\/fi\/View\/408612\" target=\"_blank\">Liikunta: Muu liikunta<\/a><\/div><time datetime=\"2026-09-04T14:07:19+03:00\" class=\"wp-block-rss__item-publish-date\">4.9.2026<\/time> <div class=\"wp-block-rss__item-excerpt\">\u00c4mm\u00e4ssuon Frisbeegolf radalla ja &#8221;STOP&#8221; merkkej\u00e4, kehotetaan pysym\u00e4\u00e4n pois ellet pelaa frisbeegolfia. T\u00e4m\u00e4 alue on ainoa meille Kolmper\u00e4l\u00e4isille, miss\u00e4 voimme turvallisesti ulkoilla, niin toivoisin, ett\u00e4 n\u00e4m\u00e4 merkit poistettaisiin ja annettaisiin meille asukkaille mahdollisuus hyv\u00e4ll\u00e4 omallatunnolla ulkoilla tuolla alueella.<\/div><\/li><li class=\"wp-block-rss__item\"><div class=\"wp-block-rss__item-title\"><a href=\"https:\/\/easiointi.espoo.fi\/eFeedback\/fi\/View\/408624\" target=\"_blank\">Liikunta: Ohjattu liikunta<\/a><\/div><time datetime=\"2026-09-04T13:51:11+03:00\" class=\"wp-block-rss__item-publish-date\">4.9.2026<\/time> <div class=\"wp-block-rss__item-excerpt\">Matinkyl\u00e4n uimahallin terapiaaltaan hydrohexvesijumppaohjelmat pe aamuisin tiivist\u00e4\u00e4\u00e4, jotta fysioterapeutit ym saisivat paremman ty\u00f6rauhan. Nyt on pitki\u00e4 taukoja Ohjelmien v\u00e4liss\u00e4.<\/div><\/li><li class=\"wp-block-rss__item\"><div class=\"wp-block-rss__item-title\"><a href=\"https:\/\/easiointi.espoo.fi\/eFeedback\/fi\/View\/408569\" target=\"_blank\">Kulttuuri, kirjasto ja festivaalit: Kirjasto<\/a><\/div><time datetime=\"2026-09-04T08:05:04+03:00\" class=\"wp-block-rss__item-publish-date\">4.9.2026<\/time> <div class=\"wp-block-rss__item-excerpt\">Olen h\u00e4mm\u00e4stynyt siit\u00e4, ett\u00e4 kirjastot eiv\u00e4t tue maahanmuuttajien kotoutumista -p\u00e4invastoin tarjoatte palveluita satuhetlist\u00e4 alkaen somaliksi, albaniakso jne. Miten ihmisill\u00e4 on edes halua kotoutua kun heid\u00e4n ei tarvitse. Me Veronmaksajat kustannamme tuonkin turhuuden. Ja haitan kotoutumiselle. T\u00f6rke\u00e4\u00e4 verorahojen v\u00e4\u00e4rink\u00e4ytt\u00f6\u00e4.<\/div><\/li><li class=\"wp-block-rss__item\"><div class=\"wp-block-rss__item-title\"><a href=\"https:\/\/easiointi.espoo.fi\/eFeedback\/fi\/View\/408230\" target=\"_blank\">Liikunta: Uimahallit<\/a><\/div><time datetime=\"2026-09-02T13:58:39+03:00\" class=\"wp-block-rss__item-publish-date\">2.9.2026<\/time> <div class=\"wp-block-rss__item-excerpt\">K\u00e4yn s\u00e4\u00e4nn\u00f6llisesti uimahallissa kuntouimarina. Sain vinkin tarkistaa uimaratojen mahdollisia varauksia osoitteesta resurssivaraus.espoo.fi. Nyt Espoonlahden uimahallin radalla 3 on joka arkip\u00e4iv\u00e4 varaus klo 14-16. Ratojen nime\u00e4minen numeroilla ei ole oikein k\u00e4tev\u00e4\u00e4. Tarkoittaako tuo, ett\u00e4 kuntouimareiden 50 m rata on silloin pois k\u00e4yt\u00f6st\u00e4?<\/div><\/li><li class=\"wp-block-rss__item\"><div class=\"wp-block-rss__item-title\"><a href=\"https:\/\/easiointi.espoo.fi\/eFeedback\/fi\/View\/408322\" target=\"_blank\">Liikunta: Uimarannat ja avannot<\/a><\/div><time datetime=\"2026-09-02T10:51:24+03:00\" class=\"wp-block-rss__item-publish-date\">2.9.2026<\/time> <div class=\"wp-block-rss__item-excerpt\">En saanut Kivenlahden talviuimarien pukukopin ovea auki SIS\u00c4PUOLELTA. Yritin oikein hartiavoimin. Annoin ikkunan raosta rannekkeen ohikulkijalle, h\u00e4n avasi oven ulkoa.<\/div><\/li><\/ul>\n<\/div>\n\t\t<\/div>\n\n<div id=\"otakantaa\" class=\"wp-block-ub-content-toggle-accordion\" style=\"border-color: #f1f1f1; border-top-left-radius: 8px; border-top-right-radius: 8px; border-bottom-left-radius: 8px; border-bottom-right-radius: 8px; \">\n\t\t\t<div class=\"wp-block-ub-content-toggle-accordion-title-wrap\" style=\"background-color: #f1f1f1;\" aria-controls=\"ub-content-toggle-panel-2-fcf84087-2637-4ffd-9784-cbb198ac3def\" tabindex=\"0\">\n\t\t\t<h4 class=\"wp-block-ub-content-toggle-accordion-title ub-content-toggle-title-fcf84087-2637-4ffd-9784-cbb198ac3def\" style=\"color: #000000; \">Otakantaa.fi<\/h4>\n\t\t\t<div class=\"wp-block-ub-content-toggle-accordion-toggle-wrap right\" style=\"color: #000000;\"><span class=\"wp-block-ub-content-toggle-accordion-state-indicator wp-block-ub-chevron-down open\"><\/span><\/div>\n\t\t<\/div>\n\t\t\t<div role=\"region\" aria-expanded=\"true\" class=\"wp-block-ub-content-toggle-accordion-content-wrap\" id=\"ub-content-toggle-panel-2-fcf84087-2637-4ffd-9784-cbb198ac3def\">\n\n<p class=\"wp-block-paragraph\"><\/p>\n\n\n\n<iframe style=\"height:1100px;width:100%;\" src=\"https:\/\/www.otakantaa.fi\/fi\/widget\/hankkeet\/?text_with_button=&amp;text=&amp;organization=58&amp;status=&amp;participations=&amp;sorting=newest&amp;extended_search=on&amp;owner_type=organization&amp;&amp;limit=10&amp;display_type=list\"><\/iframe>\n\n<\/div>\n\t\t<\/div>\n\n<div id=\"kuntalaisaloite\" class=\"wp-block-ub-content-toggle-accordion\" style=\"border-color: #f1f1f1; border-top-left-radius: 8px; border-top-right-radius: 8px; border-bottom-left-radius: 8px; border-bottom-right-radius: 8px; \">\n\t\t\t<div class=\"wp-block-ub-content-toggle-accordion-title-wrap\" style=\"background-color: #f1f1f1;\" aria-controls=\"ub-content-toggle-panel-3-fcf84087-2637-4ffd-9784-cbb198ac3def\" tabindex=\"0\">\n\t\t\t<h4 class=\"wp-block-ub-content-toggle-accordion-title ub-content-toggle-title-fcf84087-2637-4ffd-9784-cbb198ac3def\" style=\"color: #000000; \">Kuntalaisaloite.fi<\/h4>\n\t\t\t<div class=\"wp-block-ub-content-toggle-accordion-toggle-wrap right\" style=\"color: #000000;\"><span class=\"wp-block-ub-content-toggle-accordion-state-indicator wp-block-ub-chevron-down open\"><\/span><\/div>\n\t\t<\/div>\n\t\t\t<div role=\"region\" aria-expanded=\"true\" class=\"wp-block-ub-content-toggle-accordion-content-wrap\" id=\"ub-content-toggle-panel-3-fcf84087-2637-4ffd-9784-cbb198ac3def\">\n\n<p class=\"wp-block-paragraph\"><\/p>\n\n\n\n<iframe style=\"height:1500px;width:100%;\" src=\"https:\/\/www.kuntalaisaloite.fi\/fi\/hae?show=all&amp;municipalities=49&amp;limit=10&amp;display_type=list\"><\/iframe>\n\n<\/div>\n\t\t<\/div>\n<\/div><\/div>\n<\/div>\n\n\n\n<p class=\"wp-block-paragraph\"><\/p>\n","protected":false},"excerpt":{"rendered":"<p>Ajankohtaista Espoosta STT InfoEspoon kaupunkiL\u00e4nsi-Uudenmaan hyvinvointialueHSYHSL UutisiaEspoon kaupunkiL\u00e4nsi-Uudenmaan hyvinvointialueHSY VaikuttaminenToimielimetEspoon palautepalveluOtakantaa.fiKuntalaisaloite.fi<\/p>\n <a class=\"more-link\" href=\"https:\/\/solmu.eu\/asukkaidenespoo\/ajankohtaista-espoosta\/\"><span class=\"more-msg\">Jatka lukemista &rarr;<\/span><\/a>","protected":false},"author":1,"featured_media":0,"parent":0,"menu_order":0,"comment_status":"closed","ping_status":"closed","template":"paget-blank.php","meta":{"_uag_custom_page_level_css":"#wrapper {\nmax-width: 1600px;\n}\n#wp-custom-header {\ndisplay:none;\n}\n.wp-block-ub-content-toggle {\nmargin:0px;\n}\n.wp-container-core-columns-layout-1, .wp-block-columns-is-layout-flex {\nmargin-bottom:0px;\n}\n:where(.wp-block-columns.is-layout-flex) {\n    gap: 1em;\n}\n.wp-block-group{\n\tpadding-left:0;\n\tpadding-right:0;\n}\n.wp_rss_retriever_image {\n  width:100px;\n  height:100px;\n}","_monsterinsights_skip_tracking":false,"footnotes":""},"class_list":["post-41896","page","type-page","status-publish","hentry"],"featured_image_src":null,"uagb_featured_image_src":{"full":false,"thumbnail":false,"medium":false,"medium_large":false,"large":false,"1536x1536":false,"2048x2048":false},"uagb_author_info":{"display_name":"Esko Uotila","author_link":"https:\/\/solmu.eu\/asukkaidenespoo\/author\/admin\/"},"uagb_comment_info":0,"uagb_excerpt":"Ajankohtaista Espoosta STT InfoEspoon kaupunkiL\u00e4nsi-Uudenmaan hyvinvointialueHSYHSL UutisiaEspoon kaupunkiL\u00e4nsi-Uudenmaan hyvinvointialueHSY VaikuttaminenToimielimetEspoon palautepalveluOtakantaa.fiKuntalaisaloite.fi","_links":{"self":[{"href":"https:\/\/solmu.eu\/asukkaidenespoo\/wp-json\/wp\/v2\/pages\/41896","targetHints":{"allow":["GET"]}}],"collection":[{"href":"https:\/\/solmu.eu\/asukkaidenespoo\/wp-json\/wp\/v2\/pages"}],"about":[{"href":"https:\/\/solmu.eu\/asukkaidenespoo\/wp-json\/wp\/v2\/types\/page"}],"author":[{"embeddable":true,"href":"https:\/\/solmu.eu\/asukkaidenespoo\/wp-json\/wp\/v2\/users\/1"}],"replies":[{"embeddable":true,"href":"https:\/\/solmu.eu\/asukkaidenespoo\/wp-json\/wp\/v2\/comments?post=41896"}],"version-history":[{"count":18,"href":"https:\/\/solmu.eu\/asukkaidenespoo\/wp-json\/wp\/v2\/pages\/41896\/revisions"}],"predecessor-version":[{"id":41940,"href":"https:\/\/solmu.eu\/asukkaidenespoo\/wp-json\/wp\/v2\/pages\/41896\/revisions\/41940"}],"wp:attachment":[{"href":"https:\/\/solmu.eu\/asukkaidenespoo\/wp-json\/wp\/v2\/media?parent=41896"}],"curies":[{"name":"wp","href":"https:\/\/api.w.org\/{rel}","templated":true}]}}