{"id":12,"date":"2018-11-30T12:27:55","date_gmt":"2018-11-30T10:27:55","guid":{"rendered":"https:\/\/solmu.eu\/opijatoimi\/?page_id=12"},"modified":"2018-12-06T09:35:58","modified_gmt":"2018-12-06T07:35:58","slug":"blogi","status":"publish","type":"page","link":"https:\/\/solmu.eu\/opijatoimi\/blogi\/","title":{"rendered":"Uutiset"},"content":{"rendered":"<div style=\"clear:both;\"><\/div><div class=\"atw-show-posts atw-show-posts-filter-uutiset\">    <article id=\"post-437\" class=\"atw-post post-437 post type-post status-publish format-standard hentry category-yleinen\">\n        <header class=\"atw-entry-header\">\n                            <hgroup class=\"atw-entry-hdr\"><h2 class=\"atw-entry-title\">\n                        <a href=\"https:\/\/solmu.eu\/opijatoimi\/2023\/08\/16\/koulun-paivakodin-ja-kirjaston-hankesuunnitelma\/\"\n                           title=\"Permalink to Koulun, p\u00e4iv\u00e4kodin ja kirjaston hankesuunnitelma\" rel=\"bookmark\">Koulun, p\u00e4iv\u00e4kodin ja kirjaston hankesuunnitelma<\/a>\n                    <\/h2><\/hgroup>\n\n                                <div class=\"atw-entry-meta\">\n                    <div class=\"atw-entry-meta-icons\">\n                        <span class=\"entry-date\"><a href=\"https:\/\/solmu.eu\/opijatoimi\/2023\/08\/16\/koulun-paivakodin-ja-kirjaston-hankesuunnitelma\/\" title=\"09:41\" rel=\"bookmark\"><time datetime=\"2023-08-16T09:41:47+03:00\" pubdate>16.8.2023<\/time><\/a><\/span> <span class=\"by-author\"><span class=\"author vcard\"><a class=\"url fn n\" href=\"https:\/\/solmu.eu\/opijatoimi\/author\/opijatoimi\/\" title=\"View all posts by opijatoimi\" rel=\"author\">opijatoimi<\/a><\/span><\/span>                    <\/div><!-- .atw-entry-meta-icons -->\n                <\/div><!-- .atw-entry-meta -->\n                        <\/header><!-- .atw-entry-header -->\n                    <div class=\"atw-entry-content atw-cf\">\n                <p><a href=\"https:\/\/www.youtube.com\/live\/qklR8eqqFbI?feature=share&amp;t=2561\" target=\"_blank\" rel=\"noopener\"><img data-recalc-dims=\"1\" loading=\"lazy\" decoding=\"async\" data-attachment-id=\"438\" data-permalink=\"https:\/\/solmu.eu\/opijatoimi\/2023\/08\/16\/koulun-paivakodin-ja-kirjaston-hankesuunnitelma\/valtuusto-14-8-2023\/\" data-orig-file=\"https:\/\/i0.wp.com\/solmu.eu\/opijatoimi\/wp-content\/uploads\/2023\/08\/Valtuusto-14.8.2023.jpg?fit=1279%2C711&amp;ssl=1\" data-orig-size=\"1279,711\" data-comments-opened=\"1\" data-image-meta=\"{&quot;aperture&quot;:&quot;0&quot;,&quot;credit&quot;:&quot;&quot;,&quot;camera&quot;:&quot;&quot;,&quot;caption&quot;:&quot;&quot;,&quot;created_timestamp&quot;:&quot;0&quot;,&quot;copyright&quot;:&quot;&quot;,&quot;focal_length&quot;:&quot;0&quot;,&quot;iso&quot;:&quot;0&quot;,&quot;shutter_speed&quot;:&quot;0&quot;,&quot;title&quot;:&quot;&quot;,&quot;orientation&quot;:&quot;0&quot;}\" data-image-title=\"Valtuusto 14.8.2023\" data-image-description=\"\" data-image-caption=\"\" data-medium-file=\"https:\/\/i0.wp.com\/solmu.eu\/opijatoimi\/wp-content\/uploads\/2023\/08\/Valtuusto-14.8.2023.jpg?fit=300%2C167&amp;ssl=1\" data-large-file=\"https:\/\/i0.wp.com\/solmu.eu\/opijatoimi\/wp-content\/uploads\/2023\/08\/Valtuusto-14.8.2023.jpg?fit=640%2C356&amp;ssl=1\" class=\"alignleft size-medium wp-image-438\" src=\"https:\/\/i0.wp.com\/solmu.eu\/opijatoimi\/wp-content\/uploads\/2023\/08\/Valtuusto-14.8.2023.jpg?resize=300%2C167&#038;ssl=1\" alt=\"\" width=\"300\" height=\"167\" srcset=\"https:\/\/i0.wp.com\/solmu.eu\/opijatoimi\/wp-content\/uploads\/2023\/08\/Valtuusto-14.8.2023.jpg?resize=300%2C167&amp;ssl=1 300w, https:\/\/i0.wp.com\/solmu.eu\/opijatoimi\/wp-content\/uploads\/2023\/08\/Valtuusto-14.8.2023.jpg?resize=1024%2C569&amp;ssl=1 1024w, https:\/\/i0.wp.com\/solmu.eu\/opijatoimi\/wp-content\/uploads\/2023\/08\/Valtuusto-14.8.2023.jpg?resize=768%2C427&amp;ssl=1 768w, https:\/\/i0.wp.com\/solmu.eu\/opijatoimi\/wp-content\/uploads\/2023\/08\/Valtuusto-14.8.2023.jpg?resize=850%2C473&amp;ssl=1 850w, https:\/\/i0.wp.com\/solmu.eu\/opijatoimi\/wp-content\/uploads\/2023\/08\/Valtuusto-14.8.2023.jpg?w=1279&amp;ssl=1 1279w\" sizes=\"auto, (max-width: 300px) 100vw, 300px\" \/><\/a>Espoon kaupunginvaltuusto teki 14.8.2023 p\u00e4\u00e4t\u00f6ksen koulujen ja p\u00e4iv\u00e4kotien hankesuunnitelmasta. Siihen sis\u00e4ltyy Jupperin koulun ja p\u00e4iv\u00e4kodin sek\u00e4 Laaksolahden kirjaston uudisrakennus. <a href=\"https:\/\/espoo.oncloudos.com\/cgi\/DREQUEST.PHP?page=meetingitem&amp;id=2023952-11\" target=\"_blank\" rel=\"noopener\">Dynasty tietopalvelu : Espoon kaupunki (oncloudos.com)<\/a><\/p>\n<p>Valtuusto hyv\u00e4ksyi selke\u00e4ll\u00e4 enemmist\u00f6ll\u00e4 \u00e4\u00e4nin 66 puolesta 9 vastaan suunnitelmaan muutoksen, jossa painotetaan &#8221;Jupperin kirjaston toteuttamista alueen asukkaiden l\u00e4hikirjastona ja kokoontumispaikkana siten, ett\u00e4 kirjasto suunnitellaan osaksi koko kiinteist\u00f6n monipuolista k\u00e4ytt\u00f6\u00e4 ja sen tilakooksi m\u00e4\u00e4ritell\u00e4\u00e4n noin 300 hym2.&#8221;<\/p>\n<p>P\u00e4\u00e4t\u00f6s turvaa l\u00e4hikirjastomme s\u00e4ilymisen ja tilat kattaville kirjastopalveluille ja monipuoliselle asukask\u00e4yt\u00f6lle my\u00f6s tulevaisuudessa.<\/p>\n<p>Katso valtuuston kokouksen Youtube-tallenteesta asian k\u00e4sittely ja erinomainen l\u00e4hikirjastojen merkityst\u00e4 korostava keskustelu <a href=\"https:\/\/www.youtube.com\/live\/qklR8eqqFbI?feature=share&amp;t=2561\" target=\"_blank\" rel=\"noopener\">https:\/\/www.youtube.com\/live\/qklR8eqqFbI?feature=share&amp;t=2561<\/a><\/p>\n            <\/div><!-- .atw-entry-content -->\n            \n            <footer class=\"atw-entry-utility\">\n                <div class=\"atw-entry-meta-icons\">\n                                            <span class=\"cat-links\">\n<a href=\"https:\/\/solmu.eu\/opijatoimi\/category\/yleinen\/\" rel=\"category tag\">Yleinen<\/a>\t\t    <\/span>\n                                        <\/div><!-- .entry-meta-icons -->\n            <\/footer><!-- .atw-entry-utility -->\n                <\/article><!-- #post-437 -->\n\n        <article id=\"post-433\" class=\"atw-post post-433 post type-post status-publish format-standard hentry category-yleinen\">\n        <header class=\"atw-entry-header\">\n                            <hgroup class=\"atw-entry-hdr\"><h2 class=\"atw-entry-title\">\n                        <a href=\"https:\/\/solmu.eu\/opijatoimi\/2023\/03\/26\/kannanotto-laaksolahden-kirjaston-tarveselvitykseen-26-3-2023\/\"\n                           title=\"Permalink to Kannanotto Laaksolahden kirjaston tarveselvitykseen 26.3.2023\" rel=\"bookmark\">Kannanotto Laaksolahden kirjaston tarveselvitykseen 26.3.2023<\/a>\n                    <\/h2><\/hgroup>\n\n                                <div class=\"atw-entry-meta\">\n                    <div class=\"atw-entry-meta-icons\">\n                        <span class=\"entry-date\"><a href=\"https:\/\/solmu.eu\/opijatoimi\/2023\/03\/26\/kannanotto-laaksolahden-kirjaston-tarveselvitykseen-26-3-2023\/\" title=\"14:58\" rel=\"bookmark\"><time datetime=\"2023-03-26T14:58:33+03:00\" pubdate>26.3.2023<\/time><\/a><\/span> <span class=\"by-author\"><span class=\"author vcard\"><a class=\"url fn n\" href=\"https:\/\/solmu.eu\/opijatoimi\/author\/opijatoimi\/\" title=\"View all posts by opijatoimi\" rel=\"author\">opijatoimi<\/a><\/span><\/span>                    <\/div><!-- .atw-entry-meta-icons -->\n                <\/div><!-- .atw-entry-meta -->\n                        <\/header><!-- .atw-entry-header -->\n                    <div class=\"atw-entry-content atw-cf\">\n                <p>Kulttuurilautakunnalle<\/p>\n<p>tiedoksi: Susanna Tommila, kulttuurijohtaja<br \/>\nRitva Nyberg, kirjastopalveluiden johtaja<\/p>\n<p>Kulttuurilautakunta k\u00e4sittelee kokouksessaan 28.3.2023 Jupperin koulun ja p\u00e4iv\u00e4kodin sek\u00e4 Laaksolahden kirjaston toimipisteen tarveselvityst\u00e4.<\/p>\n<p>Tarveselvityksess\u00e4 esitetty hankkeen aikataulu ei ole valtuuston hyv\u00e4ksym\u00e4n investointiohjelman mukainen, ja kirjaston tulevaisuus j\u00e4\u00e4 suunnitelmassa avoimeksi. Lis\u00e4ksi toivomme, ett\u00e4 uudisrakennuksen suunnittelussa otetaan paremmin huomioon paikallisten asukkaiden ja yhdistysten tarve tilojen yhteisk\u00e4ytt\u00f6\u00f6n.<\/p>\n<p>Haluamme, ett\u00e4 Laaksolahden kirjaston tulevaisuutta suunniteltaessa kiinnitet\u00e4\u00e4n huomiota seuraaviin n\u00e4k\u00f6kohtiin:<\/p>\n<ul>\n<li>Uudisrakennuksen valmistuminen esitet\u00e4\u00e4n tarveselvityksess\u00e4 ajoitettavaksi alkukes\u00e4\u00e4n 2028. T\u00e4m\u00e4 on vastoin valtuuston 7.12.2022 tekem\u00e4\u00e4 p\u00e4\u00e4t\u00f6st\u00e4 investointiohjelmasta, jonka mukaan Jupperin koulun uudisrakennus ja p\u00e4iv\u00e4kodin ja kirjaston kokonaisuus toteutetaan vuosina 2023-2026 (ei 2023-2025 kuten tarveselvityksess\u00e4 todetaan). Uudisrakennuksen aikataulu pit\u00e4\u00e4 palauttaa t\u00e4m\u00e4n p\u00e4\u00e4t\u00f6ksen mukaiseksi, ja suunnittelun yhteydess\u00e4 etsi\u00e4 siirtokelpoisille rakennuksille uudet k\u00e4ytt\u00f6kohteet.<\/li>\n<li>P\u00e4\u00e4t\u00f6sehdotuksessa kirjaston konsepti j\u00e4tet\u00e4\u00e4n avoimeksi, ja vaihtoehtona pidet\u00e4\u00e4n jopa tilannetta, jossa kirjastossa voisi vain varata, lainata ja palauttaa aineistoa. Kirjasto pit\u00e4\u00e4 toteuttaa palvelutarjonnaltaan ja kooltaan nykyisen tasoisena l\u00e4hikirjastona. Alueella tarvitaan l\u00e4hikirjasto. Et\u00e4isyys l\u00e4himp\u00e4\u00e4n aluekirjastoon on suurempi kuin miss\u00e4\u00e4n muussa l\u00e4hikirjastossa Kalaj\u00e4rve\u00e4 lukuun ottamatta. Laaksolahden kaupunginosa on v\u00e4kiluvultaan suurempi kuin Viherlaakso ja Karakallio yhteens\u00e4 ja suurempi kuin Kauniaisten kaupunki.<\/li>\n<li>Kirjasto pit\u00e4\u00e4 n\u00e4hd\u00e4 merkitykselt\u00e4\u00e4n suurempana kuin vain kirjojen lainauspisteen\u00e4 tai koulun kirjastona. Sen pit\u00e4\u00e4 tarjota palveluja koululaisille ja kaiken ik\u00e4isille asukkaille sek\u00e4 tukea lukemista, opiskelua, tiedonhakua, asiointia, harrastuksia ja yhdess\u00e4 tekemist\u00e4.<\/li>\n<li>Koulun ja kirjaston tiivist\u00e4 yhteisty\u00f6t\u00e4 on t\u00e4rke\u00e4\u00e4 jatkaa. Hyv\u00e4 esimerkki t\u00e4m\u00e4n tuloksista on Jupperin koulun maaliskuussa saavuttama jaettu ensimm\u00e4inen sija Helmet-kirjastojen j\u00e4rjest\u00e4m\u00e4ss\u00e4 \u201cEritt\u00e4in haastavassa koulujenv\u00e4lisess\u00e4 fantastisessa tietokilpailussa 2023\u201d. Oppilaiden lukuharrastuksen aktivoimisen kannalta l\u00e4hikirjastolla on t\u00e4rke\u00e4 rooli. Oppilaat k\u00e4ytt\u00e4v\u00e4t s\u00e4\u00e4nn\u00f6llisesti kirjastoa, siell\u00e4 j\u00e4rjestet\u00e4\u00e4n kirjavinkkauksia ja kirjaston henkil\u00f6kunnan vahva tuki edist\u00e4\u00e4 lukutaitoa ja -innostusta.<\/li>\n<li>Kirjaston tilojen mitoitusta ei pid\u00e4 sitoa nykyisen rakennuksen vuokratasoon. Kokonaisuutta ja taloudellisuutta arvioitaessa tulee painottaa kirjaston merkityst\u00e4 alueen asukkaille ja yhdistykselle, kouluyhteisty\u00f6lle ja tilojen tehokkaalle yhteisk\u00e4yt\u00f6lle.<\/li>\n<li>Koulun, p\u00e4iv\u00e4kodin ja kirjaston uudisrakennus tarjoaa ainutlaatuisen tilaisuuden kehitt\u00e4\u00e4 julkisten rakennusten tilojen yhteisk\u00e4ytt\u00f6\u00e4 ja tehostaa tilank\u00e4ytt\u00f6\u00e4 kaikkina viikonp\u00e4ivin\u00e4 ja eri kellonaikoina ja samalla tarjota asukkaiden ja yhdistysten tarvitsemia tiloja kokoontumisiin, tilaisuuksiin ja harrastustoimintaan.<\/li>\n<\/ul>\n<p>Seuraavat yhdistykset tukevat t\u00e4t\u00e4 kannanottoa: Jupperin Omakotiyhdistys ry, Laaksolahden Huvilayhdistys LHY ry, Veinin Omakotiyhdistys ry, L\u00e4hderanta Kilta &#8211; K\u00e4llstrand Gillet r.f., Jupperin koulun vanhempainyhdistys Jukova ry, Laaksolahden kirjaston yst\u00e4v\u00e4t ry, Mannerheimin Lastensuojeluliiton Laaksolahden paikallisyhdistys ry, Laaksolahden Martat ry ja LC Laakson Liljat ry.<\/p>\n            <\/div><!-- .atw-entry-content -->\n            \n            <footer class=\"atw-entry-utility\">\n                <div class=\"atw-entry-meta-icons\">\n                                            <span class=\"cat-links\">\n<a href=\"https:\/\/solmu.eu\/opijatoimi\/category\/yleinen\/\" rel=\"category tag\">Yleinen<\/a>\t\t    <\/span>\n                                                <span class=\"comments-link\">\n<a href=\"https:\/\/solmu.eu\/opijatoimi\/2023\/03\/26\/kannanotto-laaksolahden-kirjaston-tarveselvitykseen-26-3-2023\/#respond\" class=\"leave-reply\" >Leave a reply<\/a>\n\t\t    <\/span>\n                        <div style=\"clear:both;\"><\/div>\n                                        <\/div><!-- .entry-meta-icons -->\n            <\/footer><!-- .atw-entry-utility -->\n                <\/article><!-- #post-433 -->\n\n        <article id=\"post-425\" class=\"atw-post post-425 post type-post status-publish format-standard hentry category-yleinen\">\n        <header class=\"atw-entry-header\">\n                            <hgroup class=\"atw-entry-hdr\"><h2 class=\"atw-entry-title\">\n                        <a href=\"https:\/\/solmu.eu\/opijatoimi\/2022\/11\/12\/koulu-paivakoti-ja-kirjasto-tarvitsevat-uudisrakennuksen\/\"\n                           title=\"Permalink to Koulu, p\u00e4iv\u00e4koti ja kirjasto tarvitsevat uudisrakennuksen\" rel=\"bookmark\">Koulu, p\u00e4iv\u00e4koti ja kirjasto tarvitsevat uudisrakennuksen<\/a>\n                    <\/h2><\/hgroup>\n\n                                <div class=\"atw-entry-meta\">\n                    <div class=\"atw-entry-meta-icons\">\n                        <span class=\"entry-date\"><a href=\"https:\/\/solmu.eu\/opijatoimi\/2022\/11\/12\/koulu-paivakoti-ja-kirjasto-tarvitsevat-uudisrakennuksen\/\" title=\"09:51\" rel=\"bookmark\"><time datetime=\"2022-11-12T09:51:14+02:00\" pubdate>12.11.2022<\/time><\/a><\/span> <span class=\"by-author\"><span class=\"author vcard\"><a class=\"url fn n\" href=\"https:\/\/solmu.eu\/opijatoimi\/author\/opijatoimi\/\" title=\"View all posts by opijatoimi\" rel=\"author\">opijatoimi<\/a><\/span><\/span>                    <\/div><!-- .atw-entry-meta-icons -->\n                <\/div><!-- .atw-entry-meta -->\n                        <\/header><!-- .atw-entry-header -->\n                    <div class=\"atw-entry-content atw-cf\">\n                <p>Mielipidekirjoitus L\u00e4nsiv\u00e4yl\u00e4ss\u00e4 12.11.2022<\/p>\n<p>Jupperin koulun ja p\u00e4iv\u00e4kodin sek\u00e4 Laaksolahden kirjaston yhteinen uudisrakennus on sis\u00e4ltynyt t\u00e4h\u00e4n asti valtuuston p\u00e4\u00e4tt\u00e4m\u00e4ss\u00e4 investointiohjelmassa vuosille 2024-2026. Nyt uusimmassa esityksess\u00e4 uudisrakennus on esitetty poistettavaksi investointiohjelmasta kokonaan.<\/p>\n<p>Kaupunginhallituksen tila- ja asuntojaosto esitti kokouksessaan 26.9. kantanaan, ett\u00e4 Jupperin koulun ja p\u00e4iv\u00e4kodin uudisrakennus tulee palauttaa investointisuunnitelmaan valtuuston aiemmin tehtyjen linjausten mukaisesti.<\/p>\n<p>Jupperin koulu toimii t\u00e4ll\u00e4 hetkell\u00e4 kahdessa eri osoitteessa ja nelj\u00e4ss\u00e4 eri rakennuksessa. T\u00e4m\u00e4 v\u00e4ist\u00f6\u00f6n verrattava tilanne on alkanut jo vuonna 2003, jolloin kolmasosa koulun oppilaista (esiopetus ja vuosiluokat 1 ja 2) jouduttiin alueen vahvan oppilasm\u00e4\u00e4r\u00e4n kasvun takia siirt\u00e4m\u00e4\u00e4n 400 metrin p\u00e4\u00e4h\u00e4n vuokratiloihin. Sis\u00e4ilmaongelmien vuoksi kaikki luokkien 3-6 oppilaat joutuivat vuonna 2019-20 kahteen siirtokelpoiseen rakennukseen.<\/p>\n<p>Tavoitteena on saada Jupperin koulu ja sen toimintakulttuuri takaisin yhden katon alle. Ei ole oikein, ett\u00e4 oppimiseen tarkoitettua aikaa kuluu kohtuuttomasti siirtymisiin rakennusten v\u00e4lill\u00e4. Lapsilla tulee my\u00f6s olla koulup\u00e4iv\u00e4n aikana oikeus yhteisiin leikkeihin, kohtaamisiin ja sosiaalisiin kontakteihin. Lapsia on kohdeltava oikeudenmukaisesti, tasa-arvoisesti ja yhdenmukaisesti, ja heid\u00e4n oppimisymp\u00e4rist\u00f6ns\u00e4 tulee olla yhteis\u00f6llinen, turvallinen ja laadukas.<\/p>\n<p>Jupperin Omakotiyhdistys ry ja Laaksolahden kirjaston yst\u00e4v\u00e4t ry j\u00e4rjestiv\u00e4t kev\u00e4\u00e4ll\u00e4 2022 asukkaille ja yhdistyksille suunnatun kyselyn uudisrakennukseen ehdotetusta asukask\u00e4yt\u00f6st\u00e4, joka hy\u00f6dynt\u00e4isi koulun, p\u00e4iv\u00e4kodin ja kirjaston tiloja monipuolisesti kaikenik\u00e4isten asukkaiden harrastuksissa ja kokoontumisissa. T\u00e4llainen ratkaisu varmistaisi my\u00f6s laadukkaiden kirjastopalvelujen s\u00e4ilymisen alueella. Vastauksissa tuotiin esille lukuisia tarpeita ja toiveita, jotka tehostaisivat rakennuksen tilank\u00e4ytt\u00f6\u00e4 erityisesti iltaisin ja viikonloppuisin.<\/p>\n<p>Uudisrakennus tulee palauttaa investointiohjelmaan, jotta Jupperissa l\u00e4hes 20 vuotta kest\u00e4nytt\u00e4 v\u00e4ist\u00f6tilannetta ei jatkettaisi m\u00e4\u00e4r\u00e4\u00e4m\u00e4tt\u00f6m\u00e4ksi ajaksi.<\/p>\n<p>Sirpa Hertell, Jupperin Omakotiyhdistys ry<br \/>\nErkki Torkkeli, Laaksolahden Huvilayhdistys LHY ry<br \/>\nMaarit Papinniemi, Veinin Omakotiyhdistys ry<br \/>\nHeidi J\u00e4ms\u00e4, Jupperin koulun johtokunta<br \/>\nMarita R\u00e4bin\u00e4, Jupperin koulun vanhempainyhdistys &#8211; Jukova ry<br \/>\nEsko Uotila, Laaksolahden kirjaston yst\u00e4v\u00e4t ry<br \/>\nIrma V\u00e4\u00e4n\u00e4nen-Tomppo, Laaksolahden Martat<\/p>\n<p><a href=\"https:\/\/www.lansivayla.fi\/paakirjoitus-mielipide\/5493972\">Mielipide | Jupperin koulu ja p\u00e4iv\u00e4koti sek\u00e4 Laaksolahden kirjasto tarvitsevat uudisrakennuksen<\/a><\/p>\n            <\/div><!-- .atw-entry-content -->\n            \n            <footer class=\"atw-entry-utility\">\n                <div class=\"atw-entry-meta-icons\">\n                                            <span class=\"cat-links\">\n<a href=\"https:\/\/solmu.eu\/opijatoimi\/category\/yleinen\/\" rel=\"category tag\">Yleinen<\/a>\t\t    <\/span>\n                                                <span class=\"comments-link\">\n<a href=\"https:\/\/solmu.eu\/opijatoimi\/2022\/11\/12\/koulu-paivakoti-ja-kirjasto-tarvitsevat-uudisrakennuksen\/#respond\" class=\"leave-reply\" >Leave a reply<\/a>\n\t\t    <\/span>\n                        <div style=\"clear:both;\"><\/div>\n                                        <\/div><!-- .entry-meta-icons -->\n            <\/footer><!-- .atw-entry-utility -->\n                <\/article><!-- #post-425 -->\n\n        <article id=\"post-396\" class=\"atw-post post-396 post type-post status-publish format-standard hentry category-yleinen\">\n        <header class=\"atw-entry-header\">\n                            <hgroup class=\"atw-entry-hdr\"><h2 class=\"atw-entry-title\">\n                        <a href=\"https:\/\/solmu.eu\/opijatoimi\/2022\/05\/29\/kysely-alueen-yhteisesta-asukastilasta-kiinnosti-asukkaita-ja-yhdistyksia\/\"\n                           title=\"Permalink to Kysely alueen yhteisest\u00e4 asukastilasta kiinnosti asukkaita ja yhdistyksi\u00e4\" rel=\"bookmark\">Kysely alueen yhteisest\u00e4 asukastilasta kiinnosti asukkaita ja yhdistyksi\u00e4<\/a>\n                    <\/h2><\/hgroup>\n\n                                <div class=\"atw-entry-meta\">\n                    <div class=\"atw-entry-meta-icons\">\n                        <span class=\"entry-date\"><a href=\"https:\/\/solmu.eu\/opijatoimi\/2022\/05\/29\/kysely-alueen-yhteisesta-asukastilasta-kiinnosti-asukkaita-ja-yhdistyksia\/\" title=\"06:08\" rel=\"bookmark\"><time datetime=\"2022-05-29T06:08:03+03:00\" pubdate>29.5.2022<\/time><\/a><\/span> <span class=\"by-author\"><span class=\"author vcard\"><a class=\"url fn n\" href=\"https:\/\/solmu.eu\/opijatoimi\/author\/opijatoimi\/\" title=\"View all posts by opijatoimi\" rel=\"author\">opijatoimi<\/a><\/span><\/span>                    <\/div><!-- .atw-entry-meta-icons -->\n                <\/div><!-- .atw-entry-meta -->\n                        <\/header><!-- .atw-entry-header -->\n                    <div class=\"atw-entry-content atw-cf\">\n                <p>Jupperin Omakotiyhdistys ry ja Laaksolahden kirjaston yst\u00e4v\u00e4t ry j\u00e4rjestiv\u00e4t toukokuussa 2022 asukkaille, yhdistyksille ja oppilaskunnille verkkokyselyn alueen yhteisest\u00e4 asukastilasta.<\/p>\n<p>Kyselyyna saatiin yli 200 vastausta. N\u00e4ist\u00e4 seitsem\u00e4n tuli yhdistyksilt\u00e4, yksi Jupperin koulun oppilaskunnalta ja loput alueen asukkailta.<\/p>\n<p>Kyselyn tulokset osoittivat, ett\u00e4 alueelle tarvitaan kokoontumis- ja harrastetilaa. Asukkaat, yhdistykset ja muut toimijat tarvitsevat erikokoisia tiloja monipuoliseen k\u00e4ytt\u00f6\u00f6n eri-ik\u00e4isille asukasryhmille. My\u00f6s tilaa perhetapahtumien j\u00e4rjest\u00e4miseen kaivataan.<\/p>\n<p>Yhteenveto asukkaiden vastauksista on luettavissa sivulta\u00a0<a href=\"https:\/\/solmu.eu\/opijatoimi\/yhteenveto-kyselysta-asukkaille-alueen-yhteisesta-asukastilasta\/\"><span style=\"text-decoration: underline;\">Yhteenveto asukastilakyselyst\u00e4<\/span><\/a><\/p>\n<p>Kyselyn tuloksia k\u00e4siteltiin yhdistysten ja p\u00e4\u00e4tt\u00e4jien kanssa 30.5. pidetyss\u00e4 tilaisuudessa.<\/p>\n            <\/div><!-- .atw-entry-content -->\n            \n            <footer class=\"atw-entry-utility\">\n                <div class=\"atw-entry-meta-icons\">\n                                            <span class=\"cat-links\">\n<a href=\"https:\/\/solmu.eu\/opijatoimi\/category\/yleinen\/\" rel=\"category tag\">Yleinen<\/a>\t\t    <\/span>\n                                        <\/div><!-- .entry-meta-icons -->\n            <\/footer><!-- .atw-entry-utility -->\n                <\/article><!-- #post-396 -->\n\n        <article id=\"post-383\" class=\"atw-post post-383 post type-post status-publish format-standard hentry category-yleinen\">\n        <header class=\"atw-entry-header\">\n                            <hgroup class=\"atw-entry-hdr\"><h2 class=\"atw-entry-title\">\n                        <a href=\"https:\/\/solmu.eu\/opijatoimi\/2022\/05\/02\/kysely-alueen-yhteisesta-asukastilasta\/\"\n                           title=\"Permalink to Kysely alueen yhteisest\u00e4 asukastilasta\" rel=\"bookmark\">Kysely alueen yhteisest\u00e4 asukastilasta<\/a>\n                    <\/h2><\/hgroup>\n\n                                <div class=\"atw-entry-meta\">\n                    <div class=\"atw-entry-meta-icons\">\n                        <span class=\"entry-date\"><a href=\"https:\/\/solmu.eu\/opijatoimi\/2022\/05\/02\/kysely-alueen-yhteisesta-asukastilasta\/\" title=\"15:17\" rel=\"bookmark\"><time datetime=\"2022-05-02T15:17:15+03:00\" pubdate>2.5.2022<\/time><\/a><\/span> <span class=\"by-author\"><span class=\"author vcard\"><a class=\"url fn n\" href=\"https:\/\/solmu.eu\/opijatoimi\/author\/opijatoimi\/\" title=\"View all posts by opijatoimi\" rel=\"author\">opijatoimi<\/a><\/span><\/span>                    <\/div><!-- .atw-entry-meta-icons -->\n                <\/div><!-- .atw-entry-meta -->\n                        <\/header><!-- .atw-entry-header -->\n                    <div class=\"atw-entry-content atw-cf\">\n                <p>Jupperin koulun, Laaksolahden kirjaston ja Jupperin p\u00e4iv\u00e4kodin yhteinen uudisrakennus rakennetaan voimassa olevan investointiohjelman mukaan nykyiselle koulutontille vuosina 2024-26.<\/p>\n<p>Jupperin Omakotiyhdistys (JOY) on teett\u00e4m\u00e4ss\u00e4 tulevaan \u201dkasvun ja oppimisen keskukseen\u201d suunnitelman asukastilasta, joka tarjoaisi alueen asukkaille, yhdistyksille ja toimijoille paikan eri-ik\u00e4isten kohtaamisille, kokouksille, tapahtumille ja juhlille.<\/p>\n<p>Lue lis\u00e4\u00e4: <strong><a href=\"https:\/\/solmu.eu\/opijatoimi\/asukastila-jupperin-koulun-paivakodin-ja-kirjaston-uudisrakennukseen\/\">Asukastila Jupperin koulun, p\u00e4iv\u00e4kodin ja kirjaston uudisrakennukseen<\/a><\/strong><\/p>\n<p>VASTAA JA VAIKUTA!<br \/>\nVastaamalla JOY:n ja Laaksolahden kirjaston yst\u00e4v\u00e4t ry:n tekem\u00e4\u00e4n kyselyyn 15.5.2022 menness\u00e4 p\u00e4\u00e4set kertomaan, mit\u00e4 asukastilan suunnittelussa tulisi mielest\u00e4si huomioida ja mit\u00e4 toimintoja sen tulisi mahdollistaa.<\/p>\n<p>Kyselyyn p\u00e4\u00e4set n\u00e4ist\u00e4 linkeist\u00e4:<br \/>\n<a style=\"background-color: #1c87c9; border: none; color: #fff; margin: 4px 10px; padding: 5px 14px; text-align: center; text-decoration: none; display: inline-block; font-size: 20px; cursor: pointer;\" href=\"https:\/\/docs.google.com\/forms\/d\/e\/1FAIpQLSes2yZuM7eVh0Nr6-i-gRbXimpqspK8bnbdaKn1N0E66kTt7A\/viewform?usp=sf_link\" target=\"_blank\" rel=\"noopener\">Kysely asukkaille<\/a><a style=\"background-color: #1c87c9; border: none; color: #fff; margin: 4px 10px; padding: 5px 14px; text-align: center; text-decoration: none; display: inline-block; font-size: 20px; cursor: pointer;\" href=\"https:\/\/docs.google.com\/forms\/d\/e\/1FAIpQLSfJwoCco45BxSbKAWlLrJKIoYn81ivQGDhJ-XxFYLJUl9DdFQ\/viewform?usp=sf_link\" target=\"_blank\" rel=\"noopener\">Kysely yhdistyksille<\/a><a style=\"background-color: #1c87c9; border: none; color: #fff; margin: 4px 10px; padding: 5px 14px; text-align: center; text-decoration: none; display: inline-block; font-size: 20px; cursor: pointer;\" href=\"https:\/\/docs.google.com\/forms\/d\/e\/1FAIpQLSd2bO1IEFH2NqLViZtWGlWeiny471wttTkUSxcSu2m2mubrYA\/viewform?usp=sf_link\" target=\"_blank\" rel=\"noopener\">Kysely oppilaskunnille<\/a><\/p>\n<p>Kerromme kyselyn tuloksista ja suunnittelun etenemisest\u00e4 n\u00e4ill\u00e4 sivuilla ja JOYn kotisivuilla <strong><a href=\"http:\/\/jupperi.fi\/\">jupperi.fi<\/a><\/strong> sek\u00e4 somessa mm. JOY:n ja kirjaston yst\u00e4vien Facebook-sivuilla sek\u00e4 Ju-Ve-Lan Facebook-ryhm\u00e4ss\u00e4.<\/p>\n            <\/div><!-- .atw-entry-content -->\n            \n            <footer class=\"atw-entry-utility\">\n                <div class=\"atw-entry-meta-icons\">\n                                            <span class=\"cat-links\">\n<a href=\"https:\/\/solmu.eu\/opijatoimi\/category\/yleinen\/\" rel=\"category tag\">Yleinen<\/a>\t\t    <\/span>\n                                                <span class=\"comments-link\">\n<a href=\"https:\/\/solmu.eu\/opijatoimi\/2022\/05\/02\/kysely-alueen-yhteisesta-asukastilasta\/#respond\" class=\"leave-reply\" >Leave a reply<\/a>\n\t\t    <\/span>\n                        <div style=\"clear:both;\"><\/div>\n                                        <\/div><!-- .entry-meta-icons -->\n            <\/footer><!-- .atw-entry-utility -->\n                <\/article><!-- #post-383 -->\n\n        <article id=\"post-318\" class=\"atw-post post-318 post type-post status-publish format-standard hentry category-yleinen\">\n        <header class=\"atw-entry-header\">\n                            <hgroup class=\"atw-entry-hdr\"><h2 class=\"atw-entry-title\">\n                        <a href=\"https:\/\/solmu.eu\/opijatoimi\/2021\/05\/23\/kuntavaalipaneeli-20-5-2021-antoi-tukensa-lahikoululle-ja-kirjastolle\/\"\n                           title=\"Permalink to Kuntavaalipaneeli 20.5.2021 antoi tukensa l\u00e4hikoululle ja kirjastolle\" rel=\"bookmark\">Kuntavaalipaneeli 20.5.2021 antoi tukensa l\u00e4hikoululle ja kirjastolle<\/a>\n                    <\/h2><\/hgroup>\n\n                                <div class=\"atw-entry-meta\">\n                    <div class=\"atw-entry-meta-icons\">\n                        <span class=\"entry-date\"><a href=\"https:\/\/solmu.eu\/opijatoimi\/2021\/05\/23\/kuntavaalipaneeli-20-5-2021-antoi-tukensa-lahikoululle-ja-kirjastolle\/\" title=\"14:27\" rel=\"bookmark\"><time datetime=\"2021-05-23T14:27:37+03:00\" pubdate>23.5.2021<\/time><\/a><\/span> <span class=\"by-author\"><span class=\"author vcard\"><a class=\"url fn n\" href=\"https:\/\/solmu.eu\/opijatoimi\/author\/opijatoimi\/\" title=\"View all posts by opijatoimi\" rel=\"author\">opijatoimi<\/a><\/span><\/span>                    <\/div><!-- .atw-entry-meta-icons -->\n                <\/div><!-- .atw-entry-meta -->\n                        <\/header><!-- .atw-entry-header -->\n                    <div class=\"atw-entry-content atw-cf\">\n                <p>Laaksolahden kirjaston yst\u00e4v\u00e4t j\u00e4rjesti 20.5.2021 Jupperin, Veinin ja Laaksolahden paikallisiin kysymyksiin keskittyv\u00e4n kuntavaalipaneelin. Tapahtuma j\u00e4rjestettiin et\u00e4n\u00e4 Teamsissa ja yleis\u00f6 p\u00e4\u00e4si seuraamaan sit\u00e4 kirjaston yst\u00e4vien Youtube-kanavalla. Tilaisuuden tallenne on n\u00e4ht\u00e4viss\u00e4 osoitteessa<\/p>\n<p><iframe loading=\"lazy\" title=\"YouTube video player\" src=\"https:\/\/www.youtube.com\/embed\/J88ss-hwuFs\" width=\"560\" height=\"315\" frameborder=\"0\" allowfullscreen=\"allowfullscreen\"><\/iframe><br \/>\n<img data-recalc-dims=\"1\" loading=\"lazy\" decoding=\"async\" data-attachment-id=\"319\" data-permalink=\"https:\/\/solmu.eu\/opijatoimi\/2021\/05\/23\/kuntavaalipaneeli-20-5-2021-antoi-tukensa-lahikoululle-ja-kirjastolle\/paneeli-20-5-2021\/\" data-orig-file=\"https:\/\/i0.wp.com\/solmu.eu\/opijatoimi\/wp-content\/uploads\/2021\/05\/Paneeli-20.5.2021.jpg?fit=1679%2C947&amp;ssl=1\" data-orig-size=\"1679,947\" data-comments-opened=\"1\" data-image-meta=\"{&quot;aperture&quot;:&quot;0&quot;,&quot;credit&quot;:&quot;&quot;,&quot;camera&quot;:&quot;&quot;,&quot;caption&quot;:&quot;&quot;,&quot;created_timestamp&quot;:&quot;0&quot;,&quot;copyright&quot;:&quot;&quot;,&quot;focal_length&quot;:&quot;0&quot;,&quot;iso&quot;:&quot;0&quot;,&quot;shutter_speed&quot;:&quot;0&quot;,&quot;title&quot;:&quot;&quot;,&quot;orientation&quot;:&quot;0&quot;}\" data-image-title=\"Paneeli 20.5.2021\" data-image-description=\"\" data-image-caption=\"\" data-medium-file=\"https:\/\/i0.wp.com\/solmu.eu\/opijatoimi\/wp-content\/uploads\/2021\/05\/Paneeli-20.5.2021.jpg?fit=300%2C169&amp;ssl=1\" data-large-file=\"https:\/\/i0.wp.com\/solmu.eu\/opijatoimi\/wp-content\/uploads\/2021\/05\/Paneeli-20.5.2021.jpg?fit=640%2C361&amp;ssl=1\" class=\"alignright size-large wp-image-319\" src=\"https:\/\/i0.wp.com\/solmu.eu\/opijatoimi\/wp-content\/uploads\/2021\/05\/Paneeli-20.5.2021.jpg?resize=640%2C361&#038;ssl=1\" alt=\"\" width=\"640\" height=\"361\" srcset=\"https:\/\/i0.wp.com\/solmu.eu\/opijatoimi\/wp-content\/uploads\/2021\/05\/Paneeli-20.5.2021.jpg?resize=1024%2C578&amp;ssl=1 1024w, https:\/\/i0.wp.com\/solmu.eu\/opijatoimi\/wp-content\/uploads\/2021\/05\/Paneeli-20.5.2021.jpg?resize=300%2C169&amp;ssl=1 300w, https:\/\/i0.wp.com\/solmu.eu\/opijatoimi\/wp-content\/uploads\/2021\/05\/Paneeli-20.5.2021.jpg?resize=768%2C433&amp;ssl=1 768w, https:\/\/i0.wp.com\/solmu.eu\/opijatoimi\/wp-content\/uploads\/2021\/05\/Paneeli-20.5.2021.jpg?w=1679&amp;ssl=1 1679w, https:\/\/i0.wp.com\/solmu.eu\/opijatoimi\/wp-content\/uploads\/2021\/05\/Paneeli-20.5.2021.jpg?w=1280&amp;ssl=1 1280w\" sizes=\"auto, (max-width: 640px) 100vw, 640px\" \/><\/p>\n<div style=\"clear: both;\">Kuntavaalipaneeliin osallistuivat seuraavat kuntavaaliehdokkaat:<\/div>\n<ul>\n<li><strong>Mia Laiho<\/strong>, kokoomus, Laaksolahti<\/li>\n<li><strong>Pekka Riihim\u00e4ki<\/strong>, kokoomus, Jupperi<\/li>\n<li><strong>Sirpa Hertell<\/strong>, vihre\u00e4t, Jupperi<\/li>\n<li><strong>Piia Horko<\/strong>, vihre\u00e4t, Jupperi<\/li>\n<li><strong>Martti Hellstr\u00f6m<\/strong>, SDP, J\u00e4rvenper\u00e4<\/li>\n<li><strong>Eva-Lena G\u00e4strin<\/strong>, RKP, Viherlaakso<\/li>\n<li><strong>Kimmo Pynn\u00f6nen<\/strong>, perussuomalaiset, L\u00e4hderanta<\/li>\n<li><strong>Riikka Pakarinen<\/strong>, keskusta, J\u00e4rvenper\u00e4<\/li>\n<li><strong>Liisa McDermott<\/strong>, vasemmistoliitto, Kauklahti (aik. Viherlaakso)<\/li>\n<li><strong>Hannu Laaksonen<\/strong>, kristillisdemokraatit, Karakallio<\/li>\n<li><strong>Marjo Matikka<\/strong>, Liike Nyt, Laaksolahti<\/li>\n<\/ul>\n<p>&nbsp;<\/p>\n<p>Vaalipaneelin vet\u00e4j\u00e4n\u00e4 toimi <strong>Esko Uotila<\/strong> ja tekniikasta vastasi <strong>Jarmo Nieminen<\/strong>.<\/p>\n<p>Panelistit tunsivat hyvin alueen nykytilanteen. Puheenvuoroissa korostuivat asuinalueemme ymp\u00e4rist\u00f6, turvallisuus, viihtyisyys, l\u00e4hipalvelut, joukkoliikenne ja pientalovaltaisuus. Esille nousivat my\u00f6s Espoon talouden haasteet. Keskustelijat kantoivat huolta erityisesti nuorten hyvinvoinnista ja mahdollisuuksista opiskeluun ja harrastuksiin.<\/p>\n<p>Keskustelussa k\u00e4siteltiin Laaksolahden kirjaston ja muiden l\u00e4hikirjastojen asemaa, Jupperin koulun ja l\u00e4hikoulujen tilannetta sek\u00e4 Pitk\u00e4j\u00e4rven kunnostamiseksi tarvittavia toimia. Monta t\u00e4rke\u00e4\u00e4 paikallista asiaa j\u00e4i k\u00e4sittelem\u00e4tt\u00e4, mutta niihin palataan my\u00f6hemmin. Panelistit vakuuttivat haluavansa pit\u00e4\u00e4 yhteytt\u00e4 asukkaisiin my\u00f6s vaalien v\u00e4lill\u00e4.<\/p>\n<p><strong>Laaksolahden kirjasto ja muut l\u00e4hikirjastot<\/strong><\/p>\n<p>L\u00e4hikirjastojen sulkeminen on jatkuvasti mukana virkamiesten esityksiss\u00e4, mutta k\u00e4yt\u00e4nn\u00f6ss\u00e4 kirjastotoimen talouden sopeutustarvetta ei siten voida ratkaista. Omatoimiaukiolo on lis\u00e4nnyt l\u00e4hikirjastojen k\u00e4ytt\u00f6\u00e4 merkitt\u00e4v\u00e4sti ja l\u00e4hikirjastojen henkil\u00f6- ja tilakustannukset ovat kohtuullisia.<\/p>\n<p>Panelistit muistuttivat, ett\u00e4 l\u00e4hikirjastot ovat t\u00e4rke\u00e4 l\u00e4hipalvelu kaikille ik\u00e4ryhmille. Ne tarjoavat kohtaamis- ja kokoontumipaikkoja, opiskelutilaa ja muuta toimintaa kirjastopalvelujen lis\u00e4ksi. Palveluvalikoimaa voisi nykyisest\u00e4 laajentaakin tuomalla uudenlaisia tuotteita lainattavaksi.<\/p>\n<p>Lasten, erityisesti poikien lukutaito on heikentynyt, ja l\u00e4hikirjasto madaltaa kynnyst\u00e4 lukuharrastukseen.<\/p>\n<p>Monilla alueilla kirjastoauto on ainoa tapa p\u00e4\u00e4st\u00e4 k\u00e4ytt\u00e4m\u00e4\u00e4n kirjastoa kohtuuet\u00e4isyydell\u00e4. T\u00e4m\u00e4kin palvelu on s\u00e4ilytett\u00e4v\u00e4 Espoossa.<\/p>\n<p><strong>Jupperin koulun, p\u00e4iv\u00e4kodin ja kirjaston uudisrakennus<\/strong><\/p>\n<p>Keskustelussa nousi esille kampusmalli, jossa eri ik\u00e4ryhmien palvelut kootaan yhteen tilakustannusten alentamiseksi ja koulutilojen k\u00e4yt\u00f6n tehostamiseksi. Toimialojen siilo- ja valta-ajattelu haittaa innovatiivisten ratkaisujen toteuttamista.<\/p>\n<p>Jupperin koulun, p\u00e4iv\u00e4kodin ja kirjaston uudisrakennus on investointiohjelmassa vuosina 2024-2026. Ehdokkaat vakuuttivat ajavansa hanketta siten, ett\u00e4 se s\u00e4ilyy my\u00f6s seuraavassa investointiohjelmassa ja saadaan mahdollisimman pian k\u00e4yntiin.<\/p>\n<p>Koulut kuntoon -ohjelmassa on tehty paljon ja ja saatu ratkaistua monien koulujen sis\u00e4ilmaongelmat. Paljon on kuitenkin viel\u00e4 teht\u00e4v\u00e4. Sote-uudistus varjostaa investointimahdollisuuksia. V\u00e4ist\u00f6tilojen vuokrakustannukset aiheuttavat merkitt\u00e4vi\u00e4 tilakustannuksia.<\/p>\n<p>Asukkaiden kannalta ennustettavuus on t\u00e4rke\u00e4\u00e4 my\u00f6s koulu- ja p\u00e4iv\u00e4kotitilojen osalta. Niiden tilanne vaikuttaa perheiden muuttop\u00e4\u00e4t\u00f6ksiin ja opettajien kiinnostukseen.<\/p>\n<p>Panelistit totesivat, ett\u00e4 liikunta-, harrastus- ja kokoontumistiloja tarvitaan lis\u00e4\u00e4 kaikissa yhdistyksiss\u00e4, j\u00e4rjest\u00f6iss\u00e4 ja seuroissa. My\u00f6s Espoon ty\u00f6v\u00e4enopistolla on jatkuva tilapula, jota koulutilojen vapaampi k\u00e4ytt\u00f6 helpottaisi. Koulujen v\u00e4lineist\u00f6\u00e4 pit\u00e4isi voida k\u00e4ytt\u00e4\u00e4 joustavammin esim. k\u00e4sit\u00f6iden ja taiteiden harrastajien toimesta. My\u00f6s av-v\u00e4lineist\u00f6lle olisi tarvetta. Tapahtumaj\u00e4rjest\u00e4jille tulisi tarjota tiloja kouluilta.<\/p>\n<p>Koulujen yhteydess\u00e4 voisi toimia palveluntarjoajia t\u00e4ydent\u00e4m\u00e4ss\u00e4 tilojen k\u00e4ytt\u00e4ji\u00e4 ja asukkaita varten. Koululla toimiva aikuisyhteis\u00f6 antaisi turvaa koulualueelle.<\/p>\n<p><strong>Pitk\u00e4j\u00e4rvi<\/strong><\/p>\n<p>Paikalliset asukasyhdistykset ovat tehneet ja tekev\u00e4t arvokasta ty\u00f6t\u00e4 Pitk\u00e4j\u00e4rven tilan parantamiseksi. Pitk\u00e4j\u00e4rvi 2030 -hankkeessa pyrit\u00e4\u00e4n l\u00f6yt\u00e4m\u00e4\u00e4n ratkaisuja j\u00e4rven kuormituksen v\u00e4hent\u00e4miseksi.<\/p>\n<p>Panelistit katsoivat, ett\u00e4 Pitk\u00e4j\u00e4rven kunnostuksessa veto- ja rahoitusvastuun pit\u00e4\u00e4 olla Espoon ja Vantaan kaupungeilla. Hulevesien kuormitusta on v\u00e4hennett\u00e4v\u00e4 ja viem\u00e4riverkon ylijuoksutuksia on rajoitettava.<\/p>\n<p>Pitk\u00e4j\u00e4rven virkistys- ja luontoarvot ovat korkeat. Matala j\u00e4rvi ja heikko virtaus tekev\u00e4t kunnostuksen vaikeaksi. Espoon kaupungin laatimaa kunnostussuunnitelman pohjalta ei ole toistaiseksi saatu merkitt\u00e4v\u00e4\u00e4 muutosta aikaiseksi.<\/p>\n            <\/div><!-- .atw-entry-content -->\n            \n            <footer class=\"atw-entry-utility\">\n                <div class=\"atw-entry-meta-icons\">\n                                            <span class=\"cat-links\">\n<a href=\"https:\/\/solmu.eu\/opijatoimi\/category\/yleinen\/\" rel=\"category tag\">Yleinen<\/a>\t\t    <\/span>\n                                                <span class=\"comments-link\">\n<a href=\"https:\/\/solmu.eu\/opijatoimi\/2021\/05\/23\/kuntavaalipaneeli-20-5-2021-antoi-tukensa-lahikoululle-ja-kirjastolle\/#respond\" class=\"leave-reply\" >Leave a reply<\/a>\n\t\t    <\/span>\n                        <div style=\"clear:both;\"><\/div>\n                                        <\/div><!-- .entry-meta-icons -->\n            <\/footer><!-- .atw-entry-utility -->\n                <\/article><!-- #post-318 -->\n\n        <article id=\"post-310\" class=\"atw-post post-310 post type-post status-publish format-standard hentry category-yleinen\">\n        <header class=\"atw-entry-header\">\n                            <hgroup class=\"atw-entry-hdr\"><h2 class=\"atw-entry-title\">\n                        <a href=\"https:\/\/solmu.eu\/opijatoimi\/2019\/08\/14\/suurpellon-kirjasto-on-uudistunut\/\"\n                           title=\"Permalink to Suurpellon kirjasto on uudistunut\" rel=\"bookmark\">Suurpellon kirjasto on uudistunut<\/a>\n                    <\/h2><\/hgroup>\n\n                                <div class=\"atw-entry-meta\">\n                    <div class=\"atw-entry-meta-icons\">\n                        <span class=\"entry-date\"><a href=\"https:\/\/solmu.eu\/opijatoimi\/2019\/08\/14\/suurpellon-kirjasto-on-uudistunut\/\" title=\"09:18\" rel=\"bookmark\"><time datetime=\"2019-08-14T09:18:55+03:00\" pubdate>14.8.2019<\/time><\/a><\/span> <span class=\"by-author\"><span class=\"author vcard\"><a class=\"url fn n\" href=\"https:\/\/solmu.eu\/opijatoimi\/author\/opijatoimi\/\" title=\"View all posts by opijatoimi\" rel=\"author\">opijatoimi<\/a><\/span><\/span>                    <\/div><!-- .atw-entry-meta-icons -->\n                <\/div><!-- .atw-entry-meta -->\n                        <\/header><!-- .atw-entry-header -->\n                    <div class=\"atw-entry-content atw-cf\">\n                <p>Suurpellon kirjastoa on kev\u00e4\u00e4n ja kes\u00e4n 2019 aikana kehitetty paremmin alueen asukkaiden tarpeita ja toiveita vastaavaksi. Aikuisten kokoelma on kasvanut, on tehtytilamuutoksia ja omatoimij\u00e4rjestelm\u00e4n aukiolo on yhten\u00e4istetty muiden Espoon omatoimikirjastojen mukaiseksi. Samalla kirjaston nimi vaihdettiin Opinm\u00e4en kirjastosta Suurpellon kirjastoksi.<\/p>\n<p>Suurpellon kirjasto tekee jatkuvasti yhteisty\u00f6t\u00e4 Opinm\u00e4en koulujen, vanhempainyhdistysten ja paikallisten j\u00e4rjest\u00f6jen kanssa, jotta kirjasto palvelisi varsinkin iltap\u00e4ivisin paremmin sek\u00e4 lapsia ett\u00e4 aikuisia.<\/p>\n<p><a href=\"https:\/\/www.helmet.fi\/fi-FI\/Kirjastot_ja_palvelut\/Suurpellon_kirjasto\/Juttuja_kirjastosta\/Opinmaen_kirjaston_nimi_vaihtui_1282019_(189917)\" target=\"_blank\" rel=\"noopener noreferrer\">Tiedote<\/a><\/p>\n            <\/div><!-- .atw-entry-content -->\n            \n            <footer class=\"atw-entry-utility\">\n                <div class=\"atw-entry-meta-icons\">\n                                            <span class=\"cat-links\">\n<a href=\"https:\/\/solmu.eu\/opijatoimi\/category\/yleinen\/\" rel=\"category tag\">Yleinen<\/a>\t\t    <\/span>\n                                                <span class=\"comments-link\">\n<a href=\"https:\/\/solmu.eu\/opijatoimi\/2019\/08\/14\/suurpellon-kirjasto-on-uudistunut\/#respond\" class=\"leave-reply\" >Leave a reply<\/a>\n\t\t    <\/span>\n                        <div style=\"clear:both;\"><\/div>\n                                        <\/div><!-- .entry-meta-icons -->\n            <\/footer><!-- .atw-entry-utility -->\n                <\/article><!-- #post-310 -->\n\n        <article id=\"post-296\" class=\"atw-post post-296 post type-post status-publish format-standard hentry category-yleinen\">\n        <header class=\"atw-entry-header\">\n                            <hgroup class=\"atw-entry-hdr\"><h2 class=\"atw-entry-title\">\n                        <a href=\"https:\/\/solmu.eu\/opijatoimi\/2019\/05\/30\/laaksolahden-kirjaston-toiminta-jatkuu\/\"\n                           title=\"Permalink to Laaksolahden kirjaston toiminta jatkuu\" rel=\"bookmark\">Laaksolahden kirjaston toiminta jatkuu<\/a>\n                    <\/h2><\/hgroup>\n\n                                <div class=\"atw-entry-meta\">\n                    <div class=\"atw-entry-meta-icons\">\n                        <span class=\"entry-date\"><a href=\"https:\/\/solmu.eu\/opijatoimi\/2019\/05\/30\/laaksolahden-kirjaston-toiminta-jatkuu\/\" title=\"08:26\" rel=\"bookmark\"><time datetime=\"2019-05-30T08:26:39+03:00\" pubdate>30.5.2019<\/time><\/a><\/span> <span class=\"by-author\"><span class=\"author vcard\"><a class=\"url fn n\" href=\"https:\/\/solmu.eu\/opijatoimi\/author\/opijatoimi\/\" title=\"View all posts by opijatoimi\" rel=\"author\">opijatoimi<\/a><\/span><\/span>                    <\/div><!-- .atw-entry-meta-icons -->\n                <\/div><!-- .atw-entry-meta -->\n                        <\/header><!-- .atw-entry-header -->\n                    <div class=\"atw-entry-content atw-cf\">\n                <p><img data-recalc-dims=\"1\" loading=\"lazy\" decoding=\"async\" width=\"350\" height=\"197\" data-attachment-id=\"301\" data-permalink=\"https:\/\/solmu.eu\/opijatoimi\/2019\/05\/30\/laaksolahden-kirjaston-toiminta-jatkuu\/kirjasto2\/\" data-orig-file=\"https:\/\/i0.wp.com\/solmu.eu\/opijatoimi\/wp-content\/uploads\/2019\/06\/kirjasto2.jpg?fit=1280%2C720&amp;ssl=1\" data-orig-size=\"1280,720\" data-comments-opened=\"1\" data-image-meta=\"{&quot;aperture&quot;:&quot;1.8&quot;,&quot;credit&quot;:&quot;&quot;,&quot;camera&quot;:&quot;LG-H815&quot;,&quot;caption&quot;:&quot;&quot;,&quot;created_timestamp&quot;:&quot;1558956626&quot;,&quot;copyright&quot;:&quot;&quot;,&quot;focal_length&quot;:&quot;4.42&quot;,&quot;iso&quot;:&quot;50&quot;,&quot;shutter_speed&quot;:&quot;0.0016233766233766&quot;,&quot;title&quot;:&quot;&quot;,&quot;orientation&quot;:&quot;0&quot;}\" data-image-title=\"kirjasto2\" data-image-description=\"\" data-image-caption=\"\" data-medium-file=\"https:\/\/i0.wp.com\/solmu.eu\/opijatoimi\/wp-content\/uploads\/2019\/06\/kirjasto2.jpg?fit=300%2C169&amp;ssl=1\" data-large-file=\"https:\/\/i0.wp.com\/solmu.eu\/opijatoimi\/wp-content\/uploads\/2019\/06\/kirjasto2.jpg?fit=640%2C360&amp;ssl=1\" class=\"alignright wp-image-301\" style=\"width: 350px;\" src=\"https:\/\/i0.wp.com\/solmu.eu\/opijatoimi\/wp-content\/uploads\/2019\/06\/kirjasto2.jpg?resize=350%2C197&#038;ssl=1\" alt=\"\" \/><span style=\"white-space: nowrap;\">Espoon kaupungin sivistystoimen<\/span> Tilat ja alueet -yksikk\u00f6 sek\u00e4 Tilapalvelut p\u00e4\u00e4ttiv\u00e4t kokouksessaan 21.5. sijoittaa Jupperin koulun toisen siirtokelpoisen koulurakennuksen koulun kent\u00e4lle.<\/p>\n<p>Sivistystoimi piti kokouksessa t\u00e4rke\u00e4n\u00e4 l\u00e4hikirjastopalvelujen s\u00e4ilymist\u00e4 alueella ja t\u00e4ss\u00e4 ratkaisussa kirjasto voi jatkaa toimintaansa nykyisiss\u00e4 tiloissaan. Laaksolahden kirjaston yst\u00e4vien ja Jupperin Omakotiyhdistyksen kannanotot vaikuttivat siihen, ett\u00e4 kirjaston toiminta saatiin turvattua.<\/p>\n<p>Koulun uusi paviljonki on mahdollista ottaa k\u00e4ytt\u00f6\u00f6n alkuvuodesta 2020. Vanhan koulun alustava purkuajankohta on kes\u00e4 2020, jonka j\u00e4lkeen koulu voi k\u00e4ytt\u00e4\u00e4 aluetta liikuntakentt\u00e4n\u00e4. Kirjasto j\u00e4\u00e4 paikoilleen eik\u00e4 muidenkaan tontilla olevien rakennusten (p\u00e4iv\u00e4koti ja asuntola) purkamisesta ole viel\u00e4 p\u00e4\u00e4t\u00f6ksi\u00e4. Koulun, p\u00e4iv\u00e4kodin ja kirjaston uudisrakennus on kaupungin investointiohjelmassa ajoitettu vuosille 2024-2026.<\/p>\n            <\/div><!-- .atw-entry-content -->\n            \n            <footer class=\"atw-entry-utility\">\n                <div class=\"atw-entry-meta-icons\">\n                                            <span class=\"cat-links\">\n<a href=\"https:\/\/solmu.eu\/opijatoimi\/category\/yleinen\/\" rel=\"category tag\">Yleinen<\/a>\t\t    <\/span>\n                                                <span class=\"comments-link\">\n<a href=\"https:\/\/solmu.eu\/opijatoimi\/2019\/05\/30\/laaksolahden-kirjaston-toiminta-jatkuu\/#respond\" class=\"leave-reply\" >Leave a reply<\/a>\n\t\t    <\/span>\n                        <div style=\"clear:both;\"><\/div>\n                                        <\/div><!-- .entry-meta-icons -->\n            <\/footer><!-- .atw-entry-utility -->\n                <\/article><!-- #post-296 -->\n\n        <article id=\"post-292\" class=\"atw-post post-292 post type-post status-publish format-standard hentry category-yleinen\">\n        <header class=\"atw-entry-header\">\n                            <hgroup class=\"atw-entry-hdr\"><h2 class=\"atw-entry-title\">\n                        <a href=\"https:\/\/solmu.eu\/opijatoimi\/2019\/05\/13\/otaniemen-uusi-lahikirjasto-suunnitellaan-yhdessa-opiskelijoiden-kanssa\/\"\n                           title=\"Permalink to Otaniemen uusi l\u00e4hikirjasto suunnitellaan yhdess\u00e4 opiskelijoiden kanssa\" rel=\"bookmark\">Otaniemen uusi l\u00e4hikirjasto suunnitellaan yhdess\u00e4 opiskelijoiden kanssa<\/a>\n                    <\/h2><\/hgroup>\n\n                                <div class=\"atw-entry-meta\">\n                    <div class=\"atw-entry-meta-icons\">\n                        <span class=\"entry-date\"><a href=\"https:\/\/solmu.eu\/opijatoimi\/2019\/05\/13\/otaniemen-uusi-lahikirjasto-suunnitellaan-yhdessa-opiskelijoiden-kanssa\/\" title=\"08:44\" rel=\"bookmark\"><time datetime=\"2019-05-13T08:44:54+03:00\" pubdate>13.5.2019<\/time><\/a><\/span> <span class=\"by-author\"><span class=\"author vcard\"><a class=\"url fn n\" href=\"https:\/\/solmu.eu\/opijatoimi\/author\/opijatoimi\/\" title=\"View all posts by opijatoimi\" rel=\"author\">opijatoimi<\/a><\/span><\/span>                    <\/div><!-- .atw-entry-meta-icons -->\n                <\/div><!-- .atw-entry-meta -->\n                        <\/header><!-- .atw-entry-header -->\n                    <div class=\"atw-entry-content atw-cf\">\n                <p>Otaniemeen ollaan perustamassa uutta l\u00e4hikirjastoa nuorten aloitteen pohjalta. Uuden kirjaston on m\u00e4\u00e4r\u00e4 toimia kaupunginkirjaston lukioyhteisty\u00f6n kehitt\u00e4misen laboratoriona. Kirjastosta tulee omatoimikirjasto.<\/p>\n<p>Kirjasto on tarkoitus avata tyhj\u00e4n\u00e4 tulevana syksyn\u00e4. Lukiolaiset ja ja Aalto-yliopiston opiskelijat p\u00e4\u00e4sev\u00e4t osallistumaan eri tavoin tilan suunnitteluun.<\/p>\n<p>Tiloista aiotaan tehd\u00e4 mahdollisimman monik\u00e4ytt\u00f6iset, muunneltavat, tehokkaat ja viihtyis\u00e4t. Tavoitteena on laaja ja monipuolinen yhteisty\u00f6 asukkaiden ja alueen toimijoiden kanssa.<\/p>\n<p>Lue lis\u00e4\u00e4: <a href=\"https:\/\/www.lansivayla.fi\/artikkeli\/768884-palkittu-kirjastokaupunki-espoo-tempaisee-ja-aikoo-perustaa-uuden-lahikirjaston\" target=\"_blank\" rel=\"noopener noreferrer\">L\u00e4nsiv\u00e4yl\u00e4 10.5.2019<\/a><\/p>\n            <\/div><!-- .atw-entry-content -->\n            \n            <footer class=\"atw-entry-utility\">\n                <div class=\"atw-entry-meta-icons\">\n                                            <span class=\"cat-links\">\n<a href=\"https:\/\/solmu.eu\/opijatoimi\/category\/yleinen\/\" rel=\"category tag\">Yleinen<\/a>\t\t    <\/span>\n                                                <span class=\"comments-link\">\n<a href=\"https:\/\/solmu.eu\/opijatoimi\/2019\/05\/13\/otaniemen-uusi-lahikirjasto-suunnitellaan-yhdessa-opiskelijoiden-kanssa\/#respond\" class=\"leave-reply\" >Leave a reply<\/a>\n\t\t    <\/span>\n                        <div style=\"clear:both;\"><\/div>\n                                        <\/div><!-- .entry-meta-icons -->\n            <\/footer><!-- .atw-entry-utility -->\n                <\/article><!-- #post-292 -->\n\n        <article id=\"post-289\" class=\"atw-post post-289 post type-post status-publish format-standard hentry category-yleinen\">\n        <header class=\"atw-entry-header\">\n                            <hgroup class=\"atw-entry-hdr\"><h2 class=\"atw-entry-title\">\n                        <a href=\"https:\/\/solmu.eu\/opijatoimi\/2019\/04\/30\/lansivayla-27-4-2019-kirjaston-kohtalo-auki-laaksolahdessa\/\"\n                           title=\"Permalink to L\u00e4nsiv\u00e4yl\u00e4 27.4.2019: Kirjaston kohtalo auki Laaksolahdessa\" rel=\"bookmark\">L\u00e4nsiv\u00e4yl\u00e4 27.4.2019: Kirjaston kohtalo auki Laaksolahdessa<\/a>\n                    <\/h2><\/hgroup>\n\n                                <div class=\"atw-entry-meta\">\n                    <div class=\"atw-entry-meta-icons\">\n                        <span class=\"entry-date\"><a href=\"https:\/\/solmu.eu\/opijatoimi\/2019\/04\/30\/lansivayla-27-4-2019-kirjaston-kohtalo-auki-laaksolahdessa\/\" title=\"08:37\" rel=\"bookmark\"><time datetime=\"2019-04-30T08:37:35+03:00\" pubdate>30.4.2019<\/time><\/a><\/span> <span class=\"by-author\"><span class=\"author vcard\"><a class=\"url fn n\" href=\"https:\/\/solmu.eu\/opijatoimi\/author\/opijatoimi\/\" title=\"View all posts by opijatoimi\" rel=\"author\">opijatoimi<\/a><\/span><\/span>                    <\/div><!-- .atw-entry-meta-icons -->\n                <\/div><!-- .atw-entry-meta -->\n                        <\/header><!-- .atw-entry-header -->\n                    <div class=\"atw-entry-content atw-cf\">\n                <p>L\u00e4nsiv\u00e4yl\u00e4 k\u00e4sittelee artikkelissaan 27.4.2019 Jupperin koulun toisen paviljongin sijoittamista ja sen vaikutuksia Laaksolahden kirjaston toimintaan.<\/p>\n<p><em>Laaksolahden kirjastov\u00e4ki ja Jupperin koulun asuntolarakennuksen asukkaat joutuvat nyt j\u00e4nnitt\u00e4m\u00e4\u00e4n, puretaanko Jupperin v\u00e4ist\u00f6koulun alta pois kirjasto vai asuntola. Koulu sai jo yhden v\u00e4ist\u00f6rakennuksen, mutta toiselle pit\u00e4isi viel\u00e4 l\u00f6yt\u00e4\u00e4 tila. Vaihtoehtoina ovat kirjaston tai asuntolan purkaminen ja v\u00e4ist\u00f6tilan sijoittaminen jommalle kummalle paikalle.<\/em><\/p>\n<p><em><strong class=\"isku\">Tilapalvelut-<\/strong>liikelaitoksen toimitusjohtaja Maija Lehtinen kertoo, ett\u00e4 Tilapalvelut selvittelee parhainta ratkaisua sivistystoimen kanssa.\u2009Tavoite on ly\u00f6d\u00e4 siirtokelpoisen koulun paikka lukkoon mahdollisimman nopeasti, viimeist\u00e4\u00e4n parin viikon sis\u00e4ll\u00e4.<\/em><\/p>\n<p>Lue <a href=\"https:\/\/www.lansivayla.fi\/artikkeli\/765834-kirjaston-kohtalo-auki-laaksolahdessa\" target=\"_blank\" rel=\"noopener noreferrer\">L\u00e4nsiv\u00e4yl\u00e4n artikkeli<\/a><\/p>\n            <\/div><!-- .atw-entry-content -->\n            \n            <footer class=\"atw-entry-utility\">\n                <div class=\"atw-entry-meta-icons\">\n                                            <span class=\"cat-links\">\n<a href=\"https:\/\/solmu.eu\/opijatoimi\/category\/yleinen\/\" rel=\"category tag\">Yleinen<\/a>\t\t    <\/span>\n                                                <span class=\"comments-link\">\n<a href=\"https:\/\/solmu.eu\/opijatoimi\/2019\/04\/30\/lansivayla-27-4-2019-kirjaston-kohtalo-auki-laaksolahdessa\/#respond\" class=\"leave-reply\" >Leave a reply<\/a>\n\t\t    <\/span>\n                        <div style=\"clear:both;\"><\/div>\n                                        <\/div><!-- .entry-meta-icons -->\n            <\/footer><!-- .atw-entry-utility -->\n                <\/article><!-- #post-289 -->\n\n    <\/div><!-- show_posts -->\n\n","protected":false},"excerpt":{"rendered":"","protected":false},"author":1,"featured_media":0,"parent":0,"menu_order":0,"comment_status":"closed","ping_status":"closed","template":"","meta":{"jetpack_post_was_ever_published":false,"footnotes":""},"class_list":["post-12","page","type-page","status-publish","hentry"],"jetpack_sharing_enabled":true,"jetpack_shortlink":"https:\/\/wp.me\/PaLwO6-c","jetpack-related-posts":[],"_links":{"self":[{"href":"https:\/\/solmu.eu\/opijatoimi\/wp-json\/wp\/v2\/pages\/12","targetHints":{"allow":["GET"]}}],"collection":[{"href":"https:\/\/solmu.eu\/opijatoimi\/wp-json\/wp\/v2\/pages"}],"about":[{"href":"https:\/\/solmu.eu\/opijatoimi\/wp-json\/wp\/v2\/types\/page"}],"author":[{"embeddable":true,"href":"https:\/\/solmu.eu\/opijatoimi\/wp-json\/wp\/v2\/users\/1"}],"replies":[{"embeddable":true,"href":"https:\/\/solmu.eu\/opijatoimi\/wp-json\/wp\/v2\/comments?post=12"}],"version-history":[{"count":5,"href":"https:\/\/solmu.eu\/opijatoimi\/wp-json\/wp\/v2\/pages\/12\/revisions"}],"predecessor-version":[{"id":148,"href":"https:\/\/solmu.eu\/opijatoimi\/wp-json\/wp\/v2\/pages\/12\/revisions\/148"}],"wp:attachment":[{"href":"https:\/\/solmu.eu\/opijatoimi\/wp-json\/wp\/v2\/media?parent=12"}],"curies":[{"name":"wp","href":"https:\/\/api.w.org\/{rel}","templated":true}]}}